{"id":312,"date":"2019-09-18T10:40:31","date_gmt":"2019-09-18T10:40:31","guid":{"rendered":"http:\/\/democontent.codex-themes.com\/sites\/digital-marketing\/?page_id=312"},"modified":"2025-12-10T11:12:01","modified_gmt":"2025-12-10T10:12:01","slug":"vernici-per-legno","status":"publish","type":"page","link":"https:\/\/www.astravernici.it\/it\/","title":{"rendered":"Italian Performance Wood Coatings : Astravernici"},"content":{"rendered":"<p>[vc_row][vc_column offset=&#8221;vc_hidden-sm vc_hidden-xs&#8221;]\n\t\t\t<!-- START AstraVernici_slider_ITA REVOLUTION SLIDER 6.2.22 --><p class=\"rs-p-wp-fix\"><\/p>\n\t\t\t<rs-module-wrap id=\"rev_slider_8_1_wrapper\" data-source=\"gallery\" style=\"background:#0c1725;padding:0;margin:0px auto;margin-top:0;margin-bottom:0;\">\n\t\t\t\t<rs-module id=\"rev_slider_8_1\" class=\"rs-respect-topbar\" style=\"\" data-version=\"6.2.22\">\n\t\t\t\t\t<rs-slides>\n\t\t\t\t\t\t<rs-slide data-key=\"rs-25\" data-title=\"Azienda\" data-anim=\"ei:d;eo:d;s:1000;r:0;t:fade;sl:0;\" data-p1=\"Azienda\" data-p2=\"Da oltre 75 anni esportiamo il Made in Italy nel mondo\">\n\t\t\t\t\t\t\t<img src=\"\/\/www.astravernici.it\/wp-content\/plugins\/revslider\/public\/assets\/assets\/transparent.png\" title=\"Italian Performance Wood Coatings : Astravernici\" class=\"rev-slidebg\" data-no-retina>\n\t\t\t\t\t\t\t<rs-bgvideo \n\t\t\t\t\t\t\t\tdata-video=\"w:100%;h:100%;nse:false;l:true;ptimer:false;\"\n\t\t\t\t\t\t\t\tdata-mp4=\"\/\/www.astravernici.it\/wp-content\/uploads\/2021\/04\/Slider_Company.mp4\"\n\t\t\t\t\t\t\t><\/rs-bgvideo>\n<!--\t\t\t\t\t\t--><rs-zone id=\"rrzm_25\" class=\"rev_row_zone_middle\" style=\"z-index: 12;\"><!--\n\n\t\t\t\t\t\t\t\t--><rs-row\n\t\t\t\t\t\t\t\t\tid=\"slider-8-slide-25-layer-0\" \n\t\t\t\t\t\t\t\t\tdata-type=\"row\"\n\t\t\t\t\t\t\t\t\tdata-xy=\"xo:50px;yo:50px;\"\n\t\t\t\t\t\t\t\t\tdata-basealign=\"slide\"\n\t\t\t\t\t\t\t\t\tdata-rsp_o=\"off\"\n\t\t\t\t\t\t\t\t\tdata-rsp_bd=\"off\"\n\t\t\t\t\t\t\t\t\tdata-margin=\"t:200;b:200;\"\n\t\t\t\t\t\t\t\t\tdata-frame_0=\"o:1;\"\n\t\t\t\t\t\t\t\t\tdata-frame_999=\"o:0;st:w;sA:9000;\"\n\t\t\t\t\t\t\t\t\tstyle=\"z-index:1;\"\n\t\t\t\t\t\t\t\t><!--\n\t\t\t\t\t\t\t\t\t--><rs-column\n\t\t\t\t\t\t\t\t\t\tid=\"slider-8-slide-25-layer-1\" \n\t\t\t\t\t\t\t\t\t\tdata-type=\"column\"\n\t\t\t\t\t\t\t\t\t\tdata-xy=\"xo:50px;yo:50px;\"\n\t\t\t\t\t\t\t\t\t\tdata-text=\"l:25;\"\n\t\t\t\t\t\t\t\t\t\tdata-rsp_o=\"off\"\n\t\t\t\t\t\t\t\t\t\tdata-rsp_bd=\"off\"\n\t\t\t\t\t\t\t\t\t\tdata-column=\"w:60%;a:bottom;\"\n\t\t\t\t\t\t\t\t\t\tdata-frame_0=\"o:1;\"\n\t\t\t\t\t\t\t\t\t\tdata-frame_999=\"o:0;st:w;sA:9000;\"\n\t\t\t\t\t\t\t\t\t\tstyle=\"z-index:2;width:100%;\"\n\t\t\t\t\t\t\t\t\t><!--\t\t\t\t\t\t\t\t\t--><\/rs-column><!--\n\n\t\t\t\t\t\t\t\t\t--><rs-column\n\t\t\t\t\t\t\t\t\t\tid=\"slider-8-slide-25-layer-2\" \n\t\t\t\t\t\t\t\t\t\tdata-type=\"column\"\n\t\t\t\t\t\t\t\t\t\tdata-xy=\"xo:50px;yo:50px;\"\n\t\t\t\t\t\t\t\t\t\tdata-rsp_o=\"off\"\n\t\t\t\t\t\t\t\t\t\tdata-rsp_bd=\"off\"\n\t\t\t\t\t\t\t\t\t\tdata-column=\"w:40%;\"\n\t\t\t\t\t\t\t\t\t\tdata-padding=\"r:100,100,40,40;l:0,0,40,40;\"\n\t\t\t\t\t\t\t\t\t\tdata-frame_0=\"o:1;\"\n\t\t\t\t\t\t\t\t\t\tdata-frame_999=\"o:0;st:w;sA:9000;\"\n\t\t\t\t\t\t\t\t\t\tstyle=\"z-index:3;width:100%;\"\n\t\t\t\t\t\t\t\t\t><!--\n\t\t\t\t\t\t\t\t\t\t--><rs-layer\n\t\t\t\t\t\t\t\t\t\t\tid=\"slider-8-slide-25-layer-5\" \n\t\t\t\t\t\t\t\t\t\t\tdata-type=\"text\"\n\t\t\t\t\t\t\t\t\t\t\tdata-tsh=\"c:rgba(12,23,37,0.65);v:10px;b:30px;\"\n\t\t\t\t\t\t\t\t\t\t\tdata-text=\"w:normal;s:50,40,40,40;l:50,40,40,40;fw:700;\"\n\t\t\t\t\t\t\t\t\t\t\tdata-rsp_o=\"off\"\n\t\t\t\t\t\t\t\t\t\t\tdata-rsp_bd=\"off\"\n\t\t\t\t\t\t\t\t\t\t\tdata-frame_999=\"o:0;st:w;\"\n\t\t\t\t\t\t\t\t\t\t\tstyle=\"z-index:4;font-family:Montserrat;\"\n\t\t\t\t\t\t\t\t\t\t>MISSIONE \n\t\t\t\t\t\t\t\t\t\t<\/rs-layer><!--\n\n\t\t\t\t\t\t\t\t\t\t--><rs-layer\n\t\t\t\t\t\t\t\t\t\t\tid=\"slider-8-slide-25-layer-6\" \n\t\t\t\t\t\t\t\t\t\t\tdata-type=\"text\"\n\t\t\t\t\t\t\t\t\t\t\tdata-color=\"rgba(255, 255, 255, 0.75)\"\n\t\t\t\t\t\t\t\t\t\t\tdata-text=\"w:normal;s:18;l:28;\"\n\t\t\t\t\t\t\t\t\t\t\tdata-dim=\"h:152px;\"\n\t\t\t\t\t\t\t\t\t\t\tdata-rsp_o=\"off\"\n\t\t\t\t\t\t\t\t\t\t\tdata-rsp_bd=\"off\"\n\t\t\t\t\t\t\t\t\t\t\tdata-margin=\"t:30;\"\n\t\t\t\t\t\t\t\t\t\t\tdata-frame_999=\"o:0;st:w;\"\n\t\t\t\t\t\t\t\t\t\t\tstyle=\"z-index:5;font-family:Montserrat;\"\n\t\t\t\t\t\t\t\t\t\t>Vogliamo ridefinire il concetto di  qualit\u00e0,  personalizzazione e  innovazione,<br \/>\nmettendo al centro le persone e i loro bisogni, per costruire insieme spazi belli e rispettosi dell\u2019ambiente.  \n\t\t\t\t\t\t\t\t\t\t<\/rs-layer><!--\n\n\t\t\t\t\t\t\t\t\t\t--><a\n\t\t\t\t\t\t\t\t\t\t\tid=\"slider-8-slide-25-layer-3\" \n\t\t\t\t\t\t\t\t\t\t\tclass=\"rs-layer\"\n\t\t\t\t\t\t\t\t\t\t\thref=\"https:\/\/www.astravernici.it\/it\/chi-siamo-2\/\" target=\"_self\" rel=\"nofollow\"\n\t\t\t\t\t\t\t\t\t\t\tdata-type=\"text\"\n\t\t\t\t\t\t\t\t\t\t\tdata-bsh=\"c:#2a6ea8;b:60px;\"\n\t\t\t\t\t\t\t\t\t\t\tdata-text=\"w:normal;s:13;l:40;ls:1px;fw:700;\"\n\t\t\t\t\t\t\t\t\t\t\tdata-actions='o:click;a:pauseslider;'\n\t\t\t\t\t\t\t\t\t\t\tdata-rsp_o=\"off\"\n\t\t\t\t\t\t\t\t\t\t\tdata-rsp_bd=\"off\"\n\t\t\t\t\t\t\t\t\t\t\tdata-disp=\"inline-block\"\n\t\t\t\t\t\t\t\t\t\t\tdata-margin=\"t:40;\"\n\t\t\t\t\t\t\t\t\t\t\tdata-padding=\"r:20;l:20;\"\n\t\t\t\t\t\t\t\t\t\t\tdata-border=\"bos:solid;boc:rgba(0, 183, 177, 0);bow:0,0,1px,0;\"\n\t\t\t\t\t\t\t\t\t\t\tdata-frame_999=\"o:0;st:w;\"\n\t\t\t\t\t\t\t\t\t\t\tdata-frame_hover=\"c:#fff;bgc:#2a6ea8;boc:rgba(0,183,177,0);bos:solid;bow:0,0,1px,0;gra:30%;bri:100%;\"\n\t\t\t\t\t\t\t\t\t\t\tstyle=\"z-index:6;background-color:#2a6ea8;font-family:Montserrat;text-transform:uppercase;cursor:pointer;display:inline-block;\"\n\t\t\t\t\t\t\t\t\t\t>SCOPRI LA STORIA \n\t\t\t\t\t\t\t\t\t\t<\/a><!--\n\t\t\t\t\t\t\t\t\t--><\/rs-column><!--\n\t\t\t\t\t\t\t\t--><\/rs-row><!--\n\t\t\t\t\t\t\t--><\/rs-zone><!--\n-->\t\t\t\t\t\t<\/rs-slide>\n\t\t\t\t\t\t<rs-slide data-key=\"rs-26\" data-title=\"Sostenibilit\u00e0\" data-thumb=\"\/\/www.astravernici.it\/wp-content\/uploads\/2021\/04\/Slider_Nature_Moment.jpg\" data-anim=\"ei:d;eo:d;s:1000;r:0;t:fade;sl:0;\" data-p1=\"Sostenibilit\u00e0\" data-p2=\"Operiamo con etica e trasparenza per garantire un ambiente sicuro e inclusivo\">\n\t\t\t\t\t\t\t<img src=\"\/\/www.astravernici.it\/wp-content\/uploads\/2021\/04\/Slider_Nature_Moment.jpg\" title=\"Slider_Nature_Moment\" width=\"1920\" height=\"1080\" class=\"rev-slidebg\" data-no-retina>\n\t\t\t\t\t\t\t<rs-bgvideo \n\t\t\t\t\t\t\t\tdata-video=\"w:100%;h:100%;nse:false;l:true;ptimer:false;\"\n\t\t\t\t\t\t\t\tdata-mp4=\"\/\/www.astravernici.it\/wp-content\/uploads\/2021\/01\/intro-foresta-esport-a-15-Mbps-mascherato-1.mp4\"\n\t\t\t\t\t\t\t><\/rs-bgvideo>\n<!--\t\t\t\t\t\t--><rs-zone id=\"rrzm_26\" class=\"rev_row_zone_middle\" style=\"z-index: 12;\"><!--\n\n\t\t\t\t\t\t\t\t--><rs-row\n\t\t\t\t\t\t\t\t\tid=\"slider-8-slide-26-layer-0\" \n\t\t\t\t\t\t\t\t\tdata-type=\"row\"\n\t\t\t\t\t\t\t\t\tdata-xy=\"xo:50px;yo:50px;\"\n\t\t\t\t\t\t\t\t\tdata-basealign=\"slide\"\n\t\t\t\t\t\t\t\t\tdata-rsp_o=\"off\"\n\t\t\t\t\t\t\t\t\tdata-rsp_bd=\"off\"\n\t\t\t\t\t\t\t\t\tdata-margin=\"t:200;b:200;\"\n\t\t\t\t\t\t\t\t\tdata-frame_0=\"o:1;\"\n\t\t\t\t\t\t\t\t\tdata-frame_999=\"o:0;st:w;sA:9000;\"\n\t\t\t\t\t\t\t\t\tstyle=\"z-index:1;\"\n\t\t\t\t\t\t\t\t><!--\n\t\t\t\t\t\t\t\t\t--><rs-column\n\t\t\t\t\t\t\t\t\t\tid=\"slider-8-slide-26-layer-1\" \n\t\t\t\t\t\t\t\t\t\tdata-type=\"column\"\n\t\t\t\t\t\t\t\t\t\tdata-xy=\"xo:50px;yo:50px;\"\n\t\t\t\t\t\t\t\t\t\tdata-text=\"l:25;\"\n\t\t\t\t\t\t\t\t\t\tdata-rsp_o=\"off\"\n\t\t\t\t\t\t\t\t\t\tdata-rsp_bd=\"off\"\n\t\t\t\t\t\t\t\t\t\tdata-column=\"w:60%;a:bottom;\"\n\t\t\t\t\t\t\t\t\t\tdata-frame_0=\"o:1;\"\n\t\t\t\t\t\t\t\t\t\tdata-frame_999=\"o:0;st:w;sA:9000;\"\n\t\t\t\t\t\t\t\t\t\tstyle=\"z-index:2;width:100%;\"\n\t\t\t\t\t\t\t\t\t><!--\t\t\t\t\t\t\t\t\t--><\/rs-column><!--\n\n\t\t\t\t\t\t\t\t\t--><rs-column\n\t\t\t\t\t\t\t\t\t\tid=\"slider-8-slide-26-layer-2\" \n\t\t\t\t\t\t\t\t\t\tdata-type=\"column\"\n\t\t\t\t\t\t\t\t\t\tdata-xy=\"xo:50px;yo:50px;\"\n\t\t\t\t\t\t\t\t\t\tdata-rsp_o=\"off\"\n\t\t\t\t\t\t\t\t\t\tdata-rsp_bd=\"off\"\n\t\t\t\t\t\t\t\t\t\tdata-column=\"w:40%;\"\n\t\t\t\t\t\t\t\t\t\tdata-padding=\"r:100,100,40,40;l:0,0,40,40;\"\n\t\t\t\t\t\t\t\t\t\tdata-frame_0=\"o:1;\"\n\t\t\t\t\t\t\t\t\t\tdata-frame_999=\"o:0;st:w;sA:9000;\"\n\t\t\t\t\t\t\t\t\t\tstyle=\"z-index:3;width:100%;\"\n\t\t\t\t\t\t\t\t\t><!--\n\t\t\t\t\t\t\t\t\t\t--><rs-layer\n\t\t\t\t\t\t\t\t\t\t\tid=\"slider-8-slide-26-layer-5\" \n\t\t\t\t\t\t\t\t\t\t\tdata-type=\"text\"\n\t\t\t\t\t\t\t\t\t\t\tdata-tsh=\"c:rgba(12,23,37,0.65);v:10px;b:30px;\"\n\t\t\t\t\t\t\t\t\t\t\tdata-text=\"w:normal;s:50,40,40,40;l:50,40,40,40;fw:700;\"\n\t\t\t\t\t\t\t\t\t\t\tdata-rsp_o=\"off\"\n\t\t\t\t\t\t\t\t\t\t\tdata-rsp_bd=\"off\"\n\t\t\t\t\t\t\t\t\t\t\tdata-frame_999=\"o:0;st:w;\"\n\t\t\t\t\t\t\t\t\t\t\tstyle=\"z-index:4;font-family:Montserrat;\"\n\t\t\t\t\t\t\t\t\t\t>SOSTENIBILIT\u00c0 \n\t\t\t\t\t\t\t\t\t\t<\/rs-layer><!--\n\n\t\t\t\t\t\t\t\t\t\t--><rs-layer\n\t\t\t\t\t\t\t\t\t\t\tid=\"slider-8-slide-26-layer-6\" \n\t\t\t\t\t\t\t\t\t\t\tdata-type=\"text\"\n\t\t\t\t\t\t\t\t\t\t\tdata-color=\"rgba(255, 255, 255, 0.75)\"\n\t\t\t\t\t\t\t\t\t\t\tdata-text=\"w:normal;s:18;l:28;\"\n\t\t\t\t\t\t\t\t\t\t\tdata-dim=\"h:133px;\"\n\t\t\t\t\t\t\t\t\t\t\tdata-rsp_o=\"off\"\n\t\t\t\t\t\t\t\t\t\t\tdata-rsp_bd=\"off\"\n\t\t\t\t\t\t\t\t\t\t\tdata-margin=\"t:30;\"\n\t\t\t\t\t\t\t\t\t\t\tdata-frame_999=\"o:0;st:w;\"\n\t\t\t\t\t\t\t\t\t\t\tstyle=\"z-index:5;font-family:Montserrat;\"\n\t\t\t\t\t\t\t\t\t\t>La natura crea cose complesse ma al tempo stesso essenziali e magnifiche. <br \/>\nIl legno \u00e8 un materiale versatile, da molti considerato vivo. Proteggi la sua bellezza e alimenta la sua forza con le nostre vernici a basso impatto ambientale.<br \/>\n<br \/>\n \n\t\t\t\t\t\t\t\t\t\t<\/rs-layer><!--\n\n\t\t\t\t\t\t\t\t\t\t--><a\n\t\t\t\t\t\t\t\t\t\t\tid=\"slider-8-slide-26-layer-3\" \n\t\t\t\t\t\t\t\t\t\t\tclass=\"rs-layer\"\n\t\t\t\t\t\t\t\t\t\t\thref=\"https:\/\/www.astravernici.it\/it\/sostenibilita\/\" target=\"_self\" rel=\"nofollow\"\n\t\t\t\t\t\t\t\t\t\t\tdata-type=\"text\"\n\t\t\t\t\t\t\t\t\t\t\tdata-bsh=\"c:#2a6ea8;b:60px;\"\n\t\t\t\t\t\t\t\t\t\t\tdata-text=\"w:normal;s:13;l:40;ls:1px;fw:700;\"\n\t\t\t\t\t\t\t\t\t\t\tdata-actions='o:click;a:pauseslider;'\n\t\t\t\t\t\t\t\t\t\t\tdata-rsp_o=\"off\"\n\t\t\t\t\t\t\t\t\t\t\tdata-rsp_bd=\"off\"\n\t\t\t\t\t\t\t\t\t\t\tdata-disp=\"inline-block\"\n\t\t\t\t\t\t\t\t\t\t\tdata-margin=\"t:40;\"\n\t\t\t\t\t\t\t\t\t\t\tdata-padding=\"r:20;l:20;\"\n\t\t\t\t\t\t\t\t\t\t\tdata-border=\"bos:solid;boc:rgba(0, 183, 177, 0);bow:0,0,1px,0;\"\n\t\t\t\t\t\t\t\t\t\t\tdata-frame_999=\"o:0;st:w;\"\n\t\t\t\t\t\t\t\t\t\t\tdata-frame_hover=\"c:#fff;bgc:#2a6ea8;boc:rgba(0,183,177,0);bos:solid;bow:0,0,1px,0;gra:30%;bri:100%;\"\n\t\t\t\t\t\t\t\t\t\t\tstyle=\"z-index:6;background-color:#2a6ea8;font-family:Montserrat;text-transform:uppercase;cursor:pointer;display:inline-block;\"\n\t\t\t\t\t\t\t\t\t\t>Scopri di pi\u00f9 \n\t\t\t\t\t\t\t\t\t\t<\/a><!--\n\t\t\t\t\t\t\t\t\t--><\/rs-column><!--\n\t\t\t\t\t\t\t\t--><\/rs-row><!--\n\t\t\t\t\t\t\t--><\/rs-zone><!--\n-->\t\t\t\t\t\t<\/rs-slide>\n\t\t\t\t\t\t<rs-slide data-key=\"rs-28\" data-title=\"Ricerca\" data-thumb=\"\/\/www.astravernici.it\/wp-content\/uploads\/2021\/04\/Slider_Research1_Moment.jpg\" data-anim=\"ei:d;eo:d;s:1000;r:0;t:fade;sl:0;\" data-p1=\"Ricerca e Sviluppo\" data-p2=\"Utilizziamo rigidi protocolli per mantenere i massimi standard qualitativi\">\n\t\t\t\t\t\t\t<img src=\"\/\/www.astravernici.it\/wp-content\/uploads\/2021\/04\/Slider_Research1_Moment.jpg\" title=\"Slider_Research1_Moment\" width=\"1920\" height=\"1080\" class=\"rev-slidebg\" data-no-retina>\n\t\t\t\t\t\t\t<rs-bgvideo \n\t\t\t\t\t\t\t\tdata-video=\"w:100%;h:100%;nse:false;l:true;ptimer:false;\"\n\t\t\t\t\t\t\t\tdata-mp4=\"\/\/www.astravernici.it\/wp-content\/uploads\/2021\/04\/Slider_Research1.mp4\"\n\t\t\t\t\t\t\t><\/rs-bgvideo>\n<!--\t\t\t\t\t\t--><rs-zone id=\"rrzm_28\" class=\"rev_row_zone_middle\" style=\"z-index: 12;\"><!--\n\n\t\t\t\t\t\t\t\t--><rs-row\n\t\t\t\t\t\t\t\t\tid=\"slider-8-slide-28-layer-0\" \n\t\t\t\t\t\t\t\t\tdata-type=\"row\"\n\t\t\t\t\t\t\t\t\tdata-xy=\"xo:50px;yo:50px;\"\n\t\t\t\t\t\t\t\t\tdata-basealign=\"slide\"\n\t\t\t\t\t\t\t\t\tdata-rsp_o=\"off\"\n\t\t\t\t\t\t\t\t\tdata-rsp_bd=\"off\"\n\t\t\t\t\t\t\t\t\tdata-margin=\"t:200;b:200;\"\n\t\t\t\t\t\t\t\t\tdata-frame_0=\"o:1;\"\n\t\t\t\t\t\t\t\t\tdata-frame_999=\"o:0;st:w;sA:9000;\"\n\t\t\t\t\t\t\t\t\tstyle=\"z-index:1;\"\n\t\t\t\t\t\t\t\t><!--\n\t\t\t\t\t\t\t\t\t--><rs-column\n\t\t\t\t\t\t\t\t\t\tid=\"slider-8-slide-28-layer-1\" \n\t\t\t\t\t\t\t\t\t\tdata-type=\"column\"\n\t\t\t\t\t\t\t\t\t\tdata-xy=\"xo:50px;yo:50px;\"\n\t\t\t\t\t\t\t\t\t\tdata-text=\"l:25;\"\n\t\t\t\t\t\t\t\t\t\tdata-rsp_o=\"off\"\n\t\t\t\t\t\t\t\t\t\tdata-rsp_bd=\"off\"\n\t\t\t\t\t\t\t\t\t\tdata-column=\"w:60%;a:bottom;\"\n\t\t\t\t\t\t\t\t\t\tdata-frame_0=\"o:1;\"\n\t\t\t\t\t\t\t\t\t\tdata-frame_999=\"o:0;st:w;sA:9000;\"\n\t\t\t\t\t\t\t\t\t\tstyle=\"z-index:2;width:100%;\"\n\t\t\t\t\t\t\t\t\t><!--\t\t\t\t\t\t\t\t\t--><\/rs-column><!--\n\n\t\t\t\t\t\t\t\t\t--><rs-column\n\t\t\t\t\t\t\t\t\t\tid=\"slider-8-slide-28-layer-2\" \n\t\t\t\t\t\t\t\t\t\tdata-type=\"column\"\n\t\t\t\t\t\t\t\t\t\tdata-xy=\"xo:50px;yo:50px;\"\n\t\t\t\t\t\t\t\t\t\tdata-rsp_o=\"off\"\n\t\t\t\t\t\t\t\t\t\tdata-rsp_bd=\"off\"\n\t\t\t\t\t\t\t\t\t\tdata-column=\"w:40%;\"\n\t\t\t\t\t\t\t\t\t\tdata-padding=\"r:100,100,40,40;l:0,0,40,40;\"\n\t\t\t\t\t\t\t\t\t\tdata-frame_0=\"o:1;\"\n\t\t\t\t\t\t\t\t\t\tdata-frame_999=\"o:0;st:w;sA:9000;\"\n\t\t\t\t\t\t\t\t\t\tstyle=\"z-index:3;width:100%;\"\n\t\t\t\t\t\t\t\t\t><!--\n\t\t\t\t\t\t\t\t\t\t--><rs-layer\n\t\t\t\t\t\t\t\t\t\t\tid=\"slider-8-slide-28-layer-5\" \n\t\t\t\t\t\t\t\t\t\t\tdata-type=\"text\"\n\t\t\t\t\t\t\t\t\t\t\tdata-tsh=\"c:rgba(12,23,37,0.65);v:10px;b:30px;\"\n\t\t\t\t\t\t\t\t\t\t\tdata-text=\"w:normal;s:50,40,40,40;l:50,40,40,40;fw:700;\"\n\t\t\t\t\t\t\t\t\t\t\tdata-rsp_o=\"off\"\n\t\t\t\t\t\t\t\t\t\t\tdata-rsp_bd=\"off\"\n\t\t\t\t\t\t\t\t\t\t\tdata-frame_999=\"o:0;st:w;\"\n\t\t\t\t\t\t\t\t\t\t\tstyle=\"z-index:4;font-family:Montserrat;\"\n\t\t\t\t\t\t\t\t\t\t>RICERCA & SVILUPPO \n\t\t\t\t\t\t\t\t\t\t<\/rs-layer><!--\n\n\t\t\t\t\t\t\t\t\t\t--><rs-layer\n\t\t\t\t\t\t\t\t\t\t\tid=\"slider-8-slide-28-layer-6\" \n\t\t\t\t\t\t\t\t\t\t\tdata-type=\"text\"\n\t\t\t\t\t\t\t\t\t\t\tdata-color=\"rgba(255, 255, 255, 0.75)\"\n\t\t\t\t\t\t\t\t\t\t\tdata-text=\"w:normal;s:18;l:28;\"\n\t\t\t\t\t\t\t\t\t\t\tdata-dim=\"h:218px;\"\n\t\t\t\t\t\t\t\t\t\t\tdata-rsp_o=\"off\"\n\t\t\t\t\t\t\t\t\t\t\tdata-rsp_bd=\"off\"\n\t\t\t\t\t\t\t\t\t\t\tdata-margin=\"t:30;\"\n\t\t\t\t\t\t\t\t\t\t\tdata-frame_999=\"o:0;st:w;\"\n\t\t\t\t\t\t\t\t\t\t\tstyle=\"z-index:5;font-family:Montserrat;\"\n\t\t\t\t\t\t\t\t\t\t>I laboratori di ricerca sono parte integrante di questa filosofia, dove nascono le vernici di domani.<br \/>\nQui sono eseguiti i severi test che l\u2019azienda applica durante tutte le fasi di processo. La cultura della qualit\u00e0 \u00e8 un elemento guida dell\u2019attivit\u00e0 <b>Astra Vernici<\/b>, testimoniato dalle procedure aziendali adottate, in ogni settore e ruolo operativo \n\t\t\t\t\t\t\t\t\t\t<\/rs-layer><!--\n\n\t\t\t\t\t\t\t\t\t\t--><a\n\t\t\t\t\t\t\t\t\t\t\tid=\"slider-8-slide-28-layer-3\" \n\t\t\t\t\t\t\t\t\t\t\tclass=\"rs-layer\"\n\t\t\t\t\t\t\t\t\t\t\thref=\"https:\/\/www.astravernici.it\/ricerca\/\" target=\"_self\" rel=\"nofollow\"\n\t\t\t\t\t\t\t\t\t\t\tdata-type=\"text\"\n\t\t\t\t\t\t\t\t\t\t\tdata-bsh=\"c:#2a6ea8;b:60px;\"\n\t\t\t\t\t\t\t\t\t\t\tdata-text=\"w:normal;s:13;l:40;ls:1px;fw:700;\"\n\t\t\t\t\t\t\t\t\t\t\tdata-actions='o:click;a:pauseslider;'\n\t\t\t\t\t\t\t\t\t\t\tdata-rsp_o=\"off\"\n\t\t\t\t\t\t\t\t\t\t\tdata-rsp_bd=\"off\"\n\t\t\t\t\t\t\t\t\t\t\tdata-disp=\"inline-block\"\n\t\t\t\t\t\t\t\t\t\t\tdata-margin=\"t:40;\"\n\t\t\t\t\t\t\t\t\t\t\tdata-padding=\"r:20;l:20;\"\n\t\t\t\t\t\t\t\t\t\t\tdata-border=\"bos:solid;boc:rgba(0, 183, 177, 0);bow:0,0,1px,0;\"\n\t\t\t\t\t\t\t\t\t\t\tdata-frame_999=\"o:0;st:w;\"\n\t\t\t\t\t\t\t\t\t\t\tdata-frame_hover=\"c:#fff;bgc:#2a6ea8;boc:rgba(0,183,177,0);bos:solid;bow:0,0,1px,0;gra:30%;bri:100%;\"\n\t\t\t\t\t\t\t\t\t\t\tstyle=\"z-index:6;background-color:#2a6ea8;font-family:Montserrat;text-transform:uppercase;cursor:pointer;display:inline-block;\"\n\t\t\t\t\t\t\t\t\t\t>scopri di pi\u00f9 \n\t\t\t\t\t\t\t\t\t\t<\/a><!--\n\t\t\t\t\t\t\t\t\t--><\/rs-column><!--\n\t\t\t\t\t\t\t\t--><\/rs-row><!--\n\t\t\t\t\t\t\t--><\/rs-zone><!--\n-->\t\t\t\t\t\t<\/rs-slide>\n\t\t\t\t\t\t<rs-slide data-key=\"rs-27\" data-title=\"Prodotti\" data-thumb=\"\/\/www.astravernici.it\/wp-content\/uploads\/2021\/04\/Slider_Products_Moment.jpg\" data-anim=\"ei:d;eo:d;s:1000;r:0;t:fade;sl:0;\" data-p1=\"Gamma Prodotti\" data-p2=\"Produciamo vernici concepite per valorizzare ogni superficie in legno\">\n\t\t\t\t\t\t\t<img src=\"\/\/www.astravernici.it\/wp-content\/uploads\/2021\/04\/Slider_Products_Moment.jpg\" title=\"Slider_Products_Moment\" width=\"1920\" height=\"1080\" class=\"rev-slidebg\" data-no-retina>\n\t\t\t\t\t\t\t<rs-bgvideo \n\t\t\t\t\t\t\t\tdata-video=\"w:100%;h:100%;nse:false;l:true;ptimer:false;\"\n\t\t\t\t\t\t\t\tdata-mp4=\"\/\/www.astravernici.it\/wp-content\/uploads\/2021\/04\/Slider_Products-1.mp4\"\n\t\t\t\t\t\t\t><\/rs-bgvideo>\n<!--\t\t\t\t\t\t--><rs-zone id=\"rrzm_27\" class=\"rev_row_zone_middle\" style=\"z-index: 13;\"><!--\n\n\t\t\t\t\t\t\t\t--><rs-row\n\t\t\t\t\t\t\t\t\tid=\"slider-8-slide-27-layer-0\" \n\t\t\t\t\t\t\t\t\tdata-type=\"row\"\n\t\t\t\t\t\t\t\t\tdata-xy=\"xo:50px;yo:50px;\"\n\t\t\t\t\t\t\t\t\tdata-basealign=\"slide\"\n\t\t\t\t\t\t\t\t\tdata-rsp_o=\"off\"\n\t\t\t\t\t\t\t\t\tdata-rsp_bd=\"off\"\n\t\t\t\t\t\t\t\t\tdata-margin=\"t:200;b:200;\"\n\t\t\t\t\t\t\t\t\tdata-frame_0=\"o:1;\"\n\t\t\t\t\t\t\t\t\tdata-frame_999=\"o:0;st:w;sA:9000;\"\n\t\t\t\t\t\t\t\t\tstyle=\"z-index:1;\"\n\t\t\t\t\t\t\t\t><!--\n\t\t\t\t\t\t\t\t\t--><rs-column\n\t\t\t\t\t\t\t\t\t\tid=\"slider-8-slide-27-layer-1\" \n\t\t\t\t\t\t\t\t\t\tdata-type=\"column\"\n\t\t\t\t\t\t\t\t\t\tdata-xy=\"xo:50px;yo:50px;\"\n\t\t\t\t\t\t\t\t\t\tdata-text=\"l:25;\"\n\t\t\t\t\t\t\t\t\t\tdata-rsp_o=\"off\"\n\t\t\t\t\t\t\t\t\t\tdata-rsp_bd=\"off\"\n\t\t\t\t\t\t\t\t\t\tdata-column=\"w:60%;a:bottom;\"\n\t\t\t\t\t\t\t\t\t\tdata-frame_0=\"o:1;\"\n\t\t\t\t\t\t\t\t\t\tdata-frame_999=\"o:0;st:w;sA:9000;\"\n\t\t\t\t\t\t\t\t\t\tstyle=\"z-index:2;width:100%;\"\n\t\t\t\t\t\t\t\t\t><!--\t\t\t\t\t\t\t\t\t--><\/rs-column><!--\n\n\t\t\t\t\t\t\t\t\t--><rs-column\n\t\t\t\t\t\t\t\t\t\tid=\"slider-8-slide-27-layer-2\" \n\t\t\t\t\t\t\t\t\t\tdata-type=\"column\"\n\t\t\t\t\t\t\t\t\t\tdata-xy=\"xo:50px;yo:50px;\"\n\t\t\t\t\t\t\t\t\t\tdata-rsp_o=\"off\"\n\t\t\t\t\t\t\t\t\t\tdata-rsp_bd=\"off\"\n\t\t\t\t\t\t\t\t\t\tdata-column=\"w:40%;\"\n\t\t\t\t\t\t\t\t\t\tdata-padding=\"r:100,100,40,40;l:0,0,40,40;\"\n\t\t\t\t\t\t\t\t\t\tdata-frame_0=\"o:1;\"\n\t\t\t\t\t\t\t\t\t\tdata-frame_999=\"o:0;st:w;sA:9000;\"\n\t\t\t\t\t\t\t\t\t\tstyle=\"z-index:3;width:100%;\"\n\t\t\t\t\t\t\t\t\t><!--\n\t\t\t\t\t\t\t\t\t\t--><rs-layer\n\t\t\t\t\t\t\t\t\t\t\tid=\"slider-8-slide-27-layer-5\" \n\t\t\t\t\t\t\t\t\t\t\tdata-type=\"text\"\n\t\t\t\t\t\t\t\t\t\t\tdata-tsh=\"c:rgba(12,23,37,0.65);v:10px;b:30px;\"\n\t\t\t\t\t\t\t\t\t\t\tdata-text=\"w:normal;s:50,40,40,40;l:50,40,40,40;fw:700;\"\n\t\t\t\t\t\t\t\t\t\t\tdata-rsp_o=\"off\"\n\t\t\t\t\t\t\t\t\t\t\tdata-rsp_bd=\"off\"\n\t\t\t\t\t\t\t\t\t\t\tdata-frame_999=\"o:0;st:w;\"\n\t\t\t\t\t\t\t\t\t\t\tstyle=\"z-index:4;font-family:Montserrat;\"\n\t\t\t\t\t\t\t\t\t\t>GAMMA PRODOTTI \n\t\t\t\t\t\t\t\t\t\t<\/rs-layer><!--\n\n\t\t\t\t\t\t\t\t\t\t--><rs-layer\n\t\t\t\t\t\t\t\t\t\t\tid=\"slider-8-slide-27-layer-6\" \n\t\t\t\t\t\t\t\t\t\t\tdata-type=\"text\"\n\t\t\t\t\t\t\t\t\t\t\tdata-color=\"rgba(255, 255, 255, 0.75)\"\n\t\t\t\t\t\t\t\t\t\t\tdata-text=\"w:normal;s:18;l:28;\"\n\t\t\t\t\t\t\t\t\t\t\tdata-rsp_o=\"off\"\n\t\t\t\t\t\t\t\t\t\t\tdata-rsp_bd=\"off\"\n\t\t\t\t\t\t\t\t\t\t\tdata-margin=\"t:30;\"\n\t\t\t\t\t\t\t\t\t\t\tdata-frame_999=\"o:0;st:w;\"\n\t\t\t\t\t\t\t\t\t\t\tstyle=\"z-index:5;font-family:Montserrat;\"\n\t\t\t\t\t\t\t\t\t\t>Offriamo una gamma completa di vernici per legno a base solvente e a base acqua, ideali per la finitura di mobili e complementi d\u2019arredo, sia per interni che per esterni.<br \/>\n \n\t\t\t\t\t\t\t\t\t\t<\/rs-layer><!--\n\n\t\t\t\t\t\t\t\t\t\t--><a\n\t\t\t\t\t\t\t\t\t\t\tid=\"slider-8-slide-27-layer-3\" \n\t\t\t\t\t\t\t\t\t\t\tclass=\"rs-layer\"\n\t\t\t\t\t\t\t\t\t\t\thref=\"https:\/\/www.astravernici.it\/prodotti\/\" target=\"_self\" rel=\"nofollow\"\n\t\t\t\t\t\t\t\t\t\t\tdata-type=\"text\"\n\t\t\t\t\t\t\t\t\t\t\tdata-bsh=\"c:#2a6ea8;b:60px;\"\n\t\t\t\t\t\t\t\t\t\t\tdata-text=\"w:normal;s:13;l:40;ls:1px;fw:700;\"\n\t\t\t\t\t\t\t\t\t\t\tdata-actions='o:click;a:pauseslider;'\n\t\t\t\t\t\t\t\t\t\t\tdata-rsp_o=\"off\"\n\t\t\t\t\t\t\t\t\t\t\tdata-rsp_bd=\"off\"\n\t\t\t\t\t\t\t\t\t\t\tdata-disp=\"inline-block\"\n\t\t\t\t\t\t\t\t\t\t\tdata-margin=\"t:40;\"\n\t\t\t\t\t\t\t\t\t\t\tdata-padding=\"r:20;l:20;\"\n\t\t\t\t\t\t\t\t\t\t\tdata-border=\"bos:solid;boc:rgba(0, 183, 177, 0);bow:0,0,1px,0;\"\n\t\t\t\t\t\t\t\t\t\t\tdata-frame_999=\"o:0;st:w;\"\n\t\t\t\t\t\t\t\t\t\t\tdata-frame_hover=\"c:#fff;bgc:#2a6ea8;boc:rgba(0,183,177,0);bos:solid;bow:0,0,1px,0;gra:30%;bri:100%;\"\n\t\t\t\t\t\t\t\t\t\t\tstyle=\"z-index:6;background-color:#2a6ea8;font-family:Montserrat;text-transform:uppercase;cursor:pointer;display:inline-block;\"\n\t\t\t\t\t\t\t\t\t\t>Scopri la gamma prodotti \n\t\t\t\t\t\t\t\t\t\t<\/a><!--\n\t\t\t\t\t\t\t\t\t--><\/rs-column><!--\n\t\t\t\t\t\t\t\t--><\/rs-row><!--\n\t\t\t\t\t\t\t--><\/rs-zone><!--\n\n\t\t\t\t\t\t\t--><rs-layer\n\t\t\t\t\t\t\t\tid=\"slider-8-slide-27-layer-4\" \n\t\t\t\t\t\t\t\tdata-type=\"shape\"\n\t\t\t\t\t\t\t\tdata-xy=\"x:c;y:m;\"\n\t\t\t\t\t\t\t\tdata-text=\"w:normal;\"\n\t\t\t\t\t\t\t\tdata-dim=\"w:100%;h:100%;\"\n\t\t\t\t\t\t\t\tdata-basealign=\"slide\"\n\t\t\t\t\t\t\t\tdata-rsp_o=\"off\"\n\t\t\t\t\t\t\t\tdata-rsp_bd=\"off\"\n\t\t\t\t\t\t\t\tdata-frame_999=\"o:0;st:w;\"\n\t\t\t\t\t\t\t\tstyle=\"z-index:11;background-color:rgba(0,0,0,0.25);\"\n\t\t\t\t\t\t\t> \n\t\t\t\t\t\t\t<\/rs-layer><!--\n-->\t\t\t\t\t\t<\/rs-slide>\n\t\t\t\t\t<\/rs-slides>\n\t\t\t\t<\/rs-module>\n\t\t\t\t<script type=\"text\/javascript\">\n\t\t\t\t\tsetREVStartSize({c: 'rev_slider_8_1',rl:[1240,1024,778,778],el:[800,743,868,868],gw:[1920,1024,778,778],gh:[800,700,868,868],type:'standard',justify:'',layout:'fullwidth',mh:\"0\"});\n\t\t\t\t\tvar\trevapi8,\n\t\t\t\t\t\ttpj;\n\t\t\t\t\tfunction revinit_revslider81() {\n\t\t\t\t\tjQuery(function() {\n\t\t\t\t\t\ttpj = jQuery;\n\t\t\t\t\t\trevapi8 = tpj(\"#rev_slider_8_1\");\n\t\t\t\t\t\tif(revapi8==undefined || revapi8.revolution == undefined){\n\t\t\t\t\t\t\trevslider_showDoubleJqueryError(\"rev_slider_8_1\");\n\t\t\t\t\t\t}else{\n\t\t\t\t\t\t\trevapi8.revolution({\n\t\t\t\t\t\t\t\tsliderLayout:\"fullwidth\",\n\t\t\t\t\t\t\t\tvisibilityLevels:\"1240,1024,778,778\",\n\t\t\t\t\t\t\t\tgridwidth:\"1920,1024,778,778\",\n\t\t\t\t\t\t\t\tgridheight:\"800,700,868,868\",\n\t\t\t\t\t\t\t\tperspective:600,\n\t\t\t\t\t\t\t\tperspectiveType:\"global\",\n\t\t\t\t\t\t\t\teditorheight:\"800,743,868,800\",\n\t\t\t\t\t\t\t\tresponsiveLevels:\"1240,1024,778,778\",\n\t\t\t\t\t\t\t\tprogressBar: {\n\t\t\t\t\t\t\t\t\tcolor:\"#2a6ea8\",\n\t\t\t\t\t\t\t\t\tstyle:\"vertical\",\n\t\t\t\t\t\t\t\t\tsize:\"10px\",\n\t\t\t\t\t\t\t\t\treset:\"animate\"\n\t\t\t\t\t\t\t\t},\n\t\t\t\t\t\t\t\tnavigation: {\n\t\t\t\t\t\t\t\t\tonHoverStop:false,\n\t\t\t\t\t\t\t\t\tarrows: {\n\t\t\t\t\t\t\t\t\t\tenable:true,\n\t\t\t\t\t\t\t\t\t\tstyle:\"hesperiden\",\n\t\t\t\t\t\t\t\t\t\thide_over:\"775px\",\n\t\t\t\t\t\t\t\t\t\thide_onleave:true,\n\t\t\t\t\t\t\t\t\t\tleft: {\n\t\t\t\t\t\t\t\t\t\t\tcontainer:\"layergrid\",\n\t\t\t\t\t\t\t\t\t\t\th_offset:10\n\t\t\t\t\t\t\t\t\t\t},\n\t\t\t\t\t\t\t\t\t\tright: {\n\t\t\t\t\t\t\t\t\t\t\tcontainer:\"layergrid\",\n\t\t\t\t\t\t\t\t\t\t\th_offset:10\n\t\t\t\t\t\t\t\t\t\t}\n\t\t\t\t\t\t\t\t\t},\n\t\t\t\t\t\t\t\t\ttabs: {\n\t\t\t\t\t\t\t\t\t\tenable:true,\n\t\t\t\t\t\t\t\t\t\ttmp:\"<div class=\\\"tp-tab-content\\\">  <span class=\\\"tp-tab-selectbar\\\"><\/span>  <span class=\\\"tp-tab-title\\\">{{param1}}<\/span>  <span class=\\\"tp-tab-text\\\">{{param2}}<\/span><\/div>\",\n\t\t\t\t\t\t\t\t\t\tstyle:\"corporatetabs\",\n\t\t\t\t\t\t\t\t\t\thide_onmobile:true,\n\t\t\t\t\t\t\t\t\t\thide_under:778,\n\t\t\t\t\t\t\t\t\t\th_align:\"left\",\n\t\t\t\t\t\t\t\t\t\tv_align:\"center\",\n\t\t\t\t\t\t\t\t\t\th_offset:30,\n\t\t\t\t\t\t\t\t\t\tv_offset:-1,\n\t\t\t\t\t\t\t\t\t\tdirection:\"vertical\",\n\t\t\t\t\t\t\t\t\t\tspace:10,\n\t\t\t\t\t\t\t\t\t\twidth:279,\n\t\t\t\t\t\t\t\t\t\theight:170,\n\t\t\t\t\t\t\t\t\t\tmin_width:280,\n\t\t\t\t\t\t\t\t\t\twrapper_padding:0,\n\t\t\t\t\t\t\t\t\t\twrapper_color:\"transparent\",\n\t\t\t\t\t\t\t\t\t\tvisibleAmount:3\n\t\t\t\t\t\t\t\t\t}\n\t\t\t\t\t\t\t\t},\n\t\t\t\t\t\t\t\tfallbacks: {\n\t\t\t\t\t\t\t\t\tallowHTML5AutoPlayOnAndroid:true\n\t\t\t\t\t\t\t\t},\n\t\t\t\t\t\t\t});\n\t\t\t\t\t\t}\n\t\t\t\t\t\t\n\t\t\t\t\t});\n\t\t\t\t\t} \/\/ End of RevInitScript\n\t\t\t\tvar once_revslider81 = false;\n\t\t\t\tif (document.readyState === \"loading\") {document.addEventListener('readystatechange',function() { if((document.readyState === \"interactive\" || document.readyState === \"complete\") && !once_revslider81 ) { once_revslider81 = true; revinit_revslider81();}});} else {once_revslider81 = true; revinit_revslider81();}\n\t\t\t\t<\/script>\n\t\t\t\t<script>\n\t\t\t\t\tvar htmlDivCss = unescape(\"%23rev_slider_8_1_wrapper%20.hesperiden.tparrows%20%7B%0A%09cursor%3Apointer%3B%0A%09background%3Argba%280%2C0%2C0%2C0.5%29%3B%0A%09width%3A40px%3B%0A%09height%3A40px%3B%0A%09position%3Aabsolute%3B%0A%09display%3Ablock%3B%0A%09z-index%3A1000%3B%0A%20%20%20%20border-radius%3A%2050%25%3B%0A%7D%0A%23rev_slider_8_1_wrapper%20.hesperiden.tparrows%3Ahover%20%7B%0A%09background%3A%23000000%3B%0A%7D%0A%23rev_slider_8_1_wrapper%20.hesperiden.tparrows%3Abefore%20%7B%0A%09font-family%3A%20%27revicons%27%3B%0A%09font-size%3A20px%3B%0A%09color%3A%23ffffff%3B%0A%09display%3Ablock%3B%0A%09line-height%3A%2040px%3B%0A%09text-align%3A%20center%3B%0A%7D%0A%23rev_slider_8_1_wrapper%20.hesperiden.tparrows.tp-leftarrow%3Abefore%20%7B%0A%09content%3A%20%27%5Ce82c%27%3B%0A%20%20%20%20margin-left%3A-3px%3B%0A%7D%0A%23rev_slider_8_1_wrapper%20.hesperiden.tparrows.tp-rightarrow%3Abefore%20%7B%0A%09content%3A%20%27%5Ce82d%27%3B%0A%20%20%20%20margin-right%3A-3px%3B%0A%7D%0A.tp-tabs%23rev_slider_8_1_wrapper%20.corporatetabs%20%7B%20%20%20%20%20%20%20%0A%20%20%0A%20%7D%0A%0A%23rev_slider_8_1_wrapper%20.corporatetabs%20.tp-tab%20%7B%20%0A%20%20opacity%3A0.65%3B%20%20%20%20%20%20%0A%20%20padding%3A20px%2025px%3B%0A%20%20box-sizing%3Aborder-box%3B%0A%20%20font-family%3A%20%27Montserrat%27%2C%20sans-serif%3B%0A%20%20background%3Argba%28255%2C%20255%2C%20255%2C%200%29%3B%0A%20%7D%0A%0A%23rev_slider_8_1_wrapper%20.corporatetabs%20.tp-tab-content%20%0A%7B%0A%20%20%20%20background%3Argba%280%2C0%2C0%2C0%29%3B%20%0A%20%20%20%20position%3Arelative%3B%0A%20%20%20%20left%3A0px%3B%0A%20%20%20%20overflow%3Ahidden%3B%0A%20%20%20%20box-sizing%3Aborder-box%3B%0A%20%20%20%20color%3A%23333%3B%0A%20%20%20%20display%3A%20inline-block%3B%0A%20%20%20%20width%3A100%25%3B%0A%20%20%20%20height%3A100%25%3B%0A%20%20%7D%0A%0A%23rev_slider_8_1_wrapper%20.corporatetabs%20.tp-tab-selectbar%20%7B%0A%20%20width%3A%20100%25%3B%0A%20%20display%3A%20block%3B%0A%20%20height%3A%203px%3B%0A%20%20background%3A%20rgba%28255%2C%20255%2C%20255%2C%200.25%29%3B%0A%20%20margin-bottom%3A%2015px%3B%0A%7D%0A%0A%23rev_slider_8_1_wrapper%20.corporatetabs%20.tp-tab.selected%20.tp-tab-selectbar%20%7B%0A%20%20background%3A%20%232a6ea8%3B%0A%7D%0A%0A%23rev_slider_8_1_wrapper%20.corporatetabs%20.tp-tab-text%0A%20%20%7B%0A%20%20display%3Ablock%3B%0A%20%20color%3A%20rgba%28255%2C%20255%2C%20255%2C%200.5%29%3B%0A%20%20font-weight%3A500%3B%0A%20%20font-size%3A14px%3B%0A%20%20line-height%3A%2020px%3B%0A%20%20%20margin-top%3A%2010px%3B%0A%20%20margin-bottom%3A0px%3B%0A%20%20%7D%0A%0A%23rev_slider_8_1_wrapper%20.corporatetabs%20.tp-tab-title%20%0A%7B%0A%20%20%20%20display%3Ablock%3B%09%0A%20%20%20%20text-align%3Aleft%3B%0A%20%20%20%20color%3A%23ffffff%3B%0A%20%20%20%20font-size%3A18px%3B%0A%20%20%20%20font-weight%3A700%3B%0A%20%20%20%20text-transform%3Anone%3B%0A%20%20%20%20line-height%3A20px%3B%0A%7D%0A%0A%23rev_slider_8_1_wrapper%20.corporatetabs%20.tp-tab%3Ahover%2C%0A%23rev_slider_8_1_wrapper%20.corporatetabs%20.tp-tab.selected%20%7B%0A%09background%3Argba%28255%2C%20255%2C%20255%2C%200.1%29%3B%20%0A%20%20%20opacity%3A1%3B%20%20%0A%20%20%20%20%20%20box-shadow%3A%200%203px%2020px%20rgba%2812%2C23%2C37%2C.1%29%3B%0A%7D%0A%0A%23rev_slider_8_1_wrapper%20.corporatetabs%20.tp-tab-mask%20%7B%0A%2F%2A%20%20top%3A-30px%3B%20bottom%3A-30px%3B%20left%3A-30px%3B%20right%3A-30px%3B%20min-height%3A230px%20%21important%3B%20padding%3A30px%3B%2A%2F%0A%7D%0A%0A%2F%2A%20media%20queries%20%2A%2F%0A%40media%20only%20screen%20and%20%28max-width%3A%20960px%29%20%7B%0A%0A%7D%0A%40media%20only%20screen%20and%20%28max-width%3A%20768px%29%20%7B%0A%0A%7D%0A\");\n\t\t\t\t\tvar htmlDiv = document.getElementById('rs-plugin-settings-inline-css');\n\t\t\t\t\tif(htmlDiv) {\n\t\t\t\t\t\thtmlDiv.innerHTML = htmlDiv.innerHTML + htmlDivCss;\n\t\t\t\t\t}else{\n\t\t\t\t\t\tvar htmlDiv = document.createElement('div');\n\t\t\t\t\t\thtmlDiv.innerHTML = '<style>' + htmlDivCss + '<\/style>';\n\t\t\t\t\t\tdocument.getElementsByTagName('head')[0].appendChild(htmlDiv.childNodes[0]);\n\t\t\t\t\t}\n\t\t\t\t<\/script>\n\t\t\t\t<script>\n\t\t\t\t\tvar htmlDivCss = unescape(\"%0A%0A%0A%0A%0A%0A%0A%23rev_slider_8_1%5Bdata-slideactive%3D%22rs-27%22%5D%20.hesperiden.tparrows%7B%0Awidth%3A%2030px%20%21important%3B%0Aheight%3A%2030px%20%21important%3B%0A%7D%0A%23rev_slider_8_1%5Bdata-slideactive%3D%22rs-27%22%5D%20.hesperiden.tparrows%3Abefore%7B%0Aline-height%3A%2030px%20%21important%3B%0Afont-size%3A%2015px%20%21important%3B%0A%7D%0A%0A\");\n\t\t\t\t\tvar htmlDiv = document.getElementById('rs-plugin-settings-inline-css');\n\t\t\t\t\tif(htmlDiv) {\n\t\t\t\t\t\thtmlDiv.innerHTML = htmlDiv.innerHTML + htmlDivCss;\n\t\t\t\t\t}else{\n\t\t\t\t\t\tvar htmlDiv = document.createElement('div');\n\t\t\t\t\t\thtmlDiv.innerHTML = '<style>' + htmlDivCss + '<\/style>';\n\t\t\t\t\t\tdocument.getElementsByTagName('head')[0].appendChild(htmlDiv.childNodes[0]);\n\t\t\t\t\t}\n\t\t\t\t<\/script>\n\t\t\t<\/rs-module-wrap>\n\t\t\t<!-- END REVOLUTION SLIDER -->\n[\/vc_column][\/vc_row][vc_row css=&#8221;.vc_custom_1668031452486{background-position: center !important;background-repeat: no-repeat !important;background-size: cover !important;}&#8221;][vc_column offset=&#8221;vc_hidden-lg&#8221; css=&#8221;.vc_custom_1668031972831{margin-top: -40px !important;padding-top: 200px !important;padding-bottom: 200px !important;background-image: url(https:\/\/www.astravernici.it\/wp-content\/uploads\/2022\/11\/interior-design_studio.jpg?id=34724) !important;background-position: center !important;background-repeat: no-repeat !important;background-size: cover !important;}&#8221;][vc_column_text]<\/p>\n<div class=\"styled-subtitle\" style=\"text-align: center;\"><span style=\"color: #ffffff;\">Prodotti concepiti per valorizzare ogni <strong>superficie in legno<\/strong>.<\/span><\/div>\n<div style=\"margin-top: 15px;\"><\/div>\n<p style=\"text-align: center;\"><span style=\"color: #ffffff;\">Nella vasta gamma <strong>Astra Vernici<\/strong> esiste sempre il prodotto ideale perch\u00e9 valorizzare l\u2019impatto estetico del legno,<\/span><br \/>\n<span style=\"color: #ffffff;\"><strong>difenderlo<\/strong> e <strong>proteggerlo<\/strong> contro tutte le aggressioni e lo stesso trascorrere del tempo, \u00e8 il nostro scopo.<\/span>[\/vc_column_text][\/vc_column][\/vc_row][vc_row][vc_column offset=&#8221;vc_hidden-xs&#8221;]<div class=\"clearboth\"><\/div><div class=\"gem-divider \" style=\"margin-top: 25px;\"><\/div>[vc_column_text]<\/p>\n<div class=\"styled-subtitle\" style=\"text-align: center;\"><span style=\"color: #000000;\">Prodotti concepiti per valorizzare ogni <strong>superficie in legno<\/strong>.<\/span><\/div>\n<div style=\"margin-top: 15px;\"><\/div>\n<p style=\"text-align: center;\">Nella vasta gamma <strong>Astra Vernici<\/strong> esiste sempre il prodotto ideale perch\u00e9 valorizzare l\u2019impatto estetico del legno,<br \/>\n<strong>difenderlo<\/strong> e <strong>proteggerlo<\/strong> contro tutte le aggressioni e lo stesso trascorrere del tempo, \u00e8 il nostro scopo.[\/vc_column_text][\/vc_column][\/vc_row][vc_row][vc_column][vc_column_text]<\/p>\n<h1 style=\"font-size: 15px !important; text-transform: uppercase; text-align: center;\"><strong>vernici per legno<\/strong><\/h1>\n<p>[\/vc_column_text]<div class=\"clearboth\"><\/div><div class=\"gem-divider \" style=\"margin-top: 25px;\"><\/div>[\/vc_column][\/vc_row][vc_row][vc_column width=&#8221;1\/2&#8243;][vc_column_text]<\/p>\n<div class=\"section_wrapper mcb-section-inner\">\n<div class=\"wrap mcb-wrap one-second col_10 valign-top clearfix\">\n<div class=\"mcb-wrap-inner\">\n<div class=\"column mcb-column one column_column\">\n<div class=\"column_attr clearfix\">\n<p>Da quando \u00e8 nata nel 1951, <strong>Astra Vernici<\/strong> si occupa di prodotti vernicianti specialmente per il legno e articoli complementari, attraverso una gamma di specifiche soluzioni che nascono da un grande impegno di ricerca e da scelte qualificanti: dalla selezione scrupolosa delle materie prime alla volont\u00e0 di raggiungere i <strong>migliori risultati<\/strong> nel <strong>massimo rispetto dell\u2019ambiente<\/strong>. Azienda versatile e dinamica, perch\u00e9 Astra Vernici aggiunge i vantaggi di un servizio efficiente, puntuale e personalizzato, che la confermano partner dei propri Clienti.<\/p>\n<h3 style=\"font-size: 12px; text-transform: uppercase; text-align: center;\"><strong>vernici per legno<br \/>\n<\/strong><\/h3>\n<p>Nel corso degli ultimi anni\u00a0<strong>Astra Vernici<\/strong> si \u00e8 resa protagonista di un rilevante sviluppo soprattutto all&#8217;estero, che attesta la validit\u00e0 delle scelte imprenditoriali e la prontezza con cui ha saputo rispondere alle sempre pi\u00f9 articolate e pressanti richieste dei mercati.<br \/>\n<strong>La stessa<\/strong> \u00e8 organizzata con una proficua e <strong>moderna unit\u00e0 produttiva<\/strong> e risorse tecnico-professionali di provata esperienza che permettono di unire ampiezza di gamma alla <strong>migliore flessibilit\u00e0<\/strong> di risposta alle <strong>richieste della clientela<\/strong>.<\/p>\n<\/div>\n<\/div>\n<\/div>\n<\/div>\n<\/div>\n<p>[\/vc_column_text][\/vc_column][vc_column width=&#8221;1\/2&#8243;][vc_column_text]<\/p>\n<div class=\"section_wrapper mcb-section-inner\">\n<div class=\"wrap mcb-wrap one-second col_10 valign-top clearfix\">\n<div class=\"mcb-wrap-inner\">\n<div class=\"column mcb-column one column_column\">\n<div class=\"column_attr clearfix\">\n<p>\u00a0Il \u201csegreto\u201d della versatilit\u00e0 di <strong>Astra Vernici<\/strong> \u00e8 nella scelta di restare un\u2019azienda di medie dimensioni ma famigliare, senza le inutili zavorre e la burocrazie delle grandi imprese ma con tutte le sicurezze di una <strong>realt\u00e0 solida<\/strong>, evoluta ed<strong> assai dinamica<\/strong>. Un <strong>partner serio e diretto<\/strong>, con cui stabilire dialoghi orientati alla qualit\u00e0, competitivit\u00e0 e personalizzazione dei prodotti. Fattore strategico di questa velocit\u00e0 nel rispondere alle richieste della clientela \u00e8 il magazzino, organizzato con tecnologie a controllo informatico per ottimizzare ogni fase di gestione degli ordini.<\/p>\n<h4 style=\"font-size: 12px; text-align: center;\"><strong>Italian Professional Wood Coatings<\/strong><\/h4>\n<p>&nbsp;<\/p>\n<\/div>\n<p>La <strong>cultura della qualit\u00e0<\/strong> \u00e8 un elemento guida di <strong>Astra Vernici<\/strong>, con procedure aziendali mirate, in ogni settore e ruolo operativo, dal livello della produzione e dalla soddisfazione dei propri interlocutori. Sono parte integrante di questa filosofia i <strong>laboratori di ricerca<\/strong>, in cui lavora uno staff di chimici super qualificati nonch\u00e9 specializzati nel <strong>settore delle vernici per legno<\/strong>. All\u2019interno di questi laboratori nascono le nuove vernici di domani e sono eseguiti i severi test che l\u2019azienda applica sull\u2019intera produzione. Verifiche che sono svolte sia a monte, che a valle e durante tutte le fasi.<\/p>\n<h4><\/h4>\n<div class=\"column_attr clearfix\">\n<h4 style=\"font-size: 15px;\"><\/h4>\n<\/div>\n<\/div>\n<\/div>\n<\/div>\n<\/div>\n<p>[\/vc_column_text][\/vc_column][\/vc_row][vc_row full_width=&#8221;stretch_row_content_no_spaces&#8221; gap=&#8221;30&#8243; disable_custom_paddings_mobile=&#8221;true&#8221; css=&#8221;.vc_custom_1668031057097{margin-top: 40px !important;}&#8221;][vc_column width=&#8221;1\/3&#8243; css=&#8221;.vc_custom_1685458875299{padding-top: 30px !important;padding-right: 30px !important;padding-bottom: 30px !important;padding-left: 30px !important;background-color: #d0d6cb !important;}&#8221;][vc_single_image image=&#8221;35184&#8243; img_size=&#8221;full&#8221;][vc_column_text]<\/p>\n<div style=\"font-size: 30px;\"><a href=\"https:\/\/youtube.com\/playlist?list=PL3LbWnqpmI0YUxrCR4dAeShR9KGZwbxTZ\">DID<strong>YOU<\/strong>KNOW<\/a><\/div>\n<p>[\/vc_column_text][vc_empty_space height=&#8221;20px&#8221;][vc_column_text]Lo sapevi che ?<br \/>\n<strong><a href=\"https:\/\/youtube.com\/playlist?list=PL3LbWnqpmI0YUxrCR4dAeShR9KGZwbxTZ\">Abbiamo realizzato una raccolta di video ad episodi per orientarvi al meglio nella scelta dei prodotti ideali per il trattamento delle superfici in legno.<\/a><\/strong>[\/vc_column_text][\/vc_column][vc_column width=&#8221;1\/3&#8243; css=&#8221;.vc_custom_1685460244504{padding-top: 30px !important;padding-right: 30px !important;padding-bottom: 30px !important;padding-left: 30px !important;background-color: #e3e7ed !important;}&#8221;][vc_single_image image=&#8221;35203&#8243; img_size=&#8221;full&#8221;][vc_column_text]<\/p>\n<div style=\"font-size: 30px;\"><a href=\"https:\/\/www.youtube.com\/playlist?list=PL3LbWnqpmI0antNpH2aZK7nQrFfq_koAj\"><strong>ASTR<\/strong>ICKS <strong>TUTORIAL<\/strong><\/a><\/div>\n<p>[\/vc_column_text][vc_empty_space height=&#8221;20px&#8221;][vc_column_text]Ottieni risultati sorprendenti, di tendenza e di design !<br \/>\n<a href=\"https:\/\/www.youtube.com\/playlist?list=PL3LbWnqpmI0antNpH2aZK7nQrFfq_koAj\"><strong>Esplora la nostra collezione di Video Tutorial dedicati alla creazione di effetti speciali, che ti mostreranno come combinare i nostri prodotti.<\/strong><\/a>[\/vc_column_text][\/vc_column][vc_column width=&#8221;1\/3&#8243; css=&#8221;.vc_custom_1668031222000{padding-top: 30px !important;padding-right: 30px !important;padding-bottom: 30px !important;padding-left: 30px !important;background-color: #ededed !important;}&#8221;][vc_single_image image=&#8221;32519&#8243; img_size=&#8221;full&#8221;][vc_column_text]<\/p>\n<div style=\"font-size: 30px;\">ASTRA<strong>TOOLS<\/strong><\/div>\n<p>[\/vc_column_text][vc_empty_space height=&#8221;20px&#8221;][vc_column_text]Sei un operatore professionista?<br \/>\n<strong><a href=\"http:\/\/drive.astravernici.it\/\">Accedi alla nostra Area Riservata per accedere alle informazioni destinate agli operatori.<\/a><\/strong>[\/vc_column_text][\/vc_column][\/vc_row][vc_row full_width=&#8221;stretch_row_content_no_spaces&#8221; el_class=&#8221;box-shadow&#8221; css=&#8221;.vc_custom_1669712049953{margin-top: 40px !important;margin-bottom: 0px !important;}&#8221;][vc_column width=&#8221;1\/3&#8243; el_class=&#8221;box-shadow&#8221;]<a\n  href=\"https:\/\/www.astravernici.it\/it\/vernice-a-base-solvente\/\"\n  class=\"marvelous-link noHover\"\n  >\n  <figure class=\"marvelous-hover effect-hover effect-lily ratiooriginal effect-fonts  marvelous_custom_class_863d93c3f4417d  \">\n        <img src=\"https:\/\/www.astravernici.it\/wp-content\/uploads\/2021\/01\/vernici-poliuretaniche.jpg\" alt=\"\"\/>\n    \n    <figcaption>\n      <div class=\"effect-caption astra\">\n        <div class=\"effect-heading\">\n          <div class=\"title-h2\">Vernici a <span>Base Solvente<\/span><\/div>\n        <\/div>\n\n        <div class=\"effect-description\">\n                    <p class=\"description\">Ideale per valorizzare l\u2019impatto estetico del legno, per interni ed esterni.<br \/>\nDifenderlo e proteggerlo contro tutte le aggressioni ed il trascorrere del tempo.<\/p>\n                  <\/div>\n\n      <\/div>\n    <\/figcaption>\n  <\/figure>\n<\/a>\n<style type=\"text\/css\" data-type=\"vckit-shortcode-css\" data-shortcode=\"marvelous_hover\">.effect-hover.marvelous_custom_class_863d93c3f4417d h2, .effect-hover.marvelous_custom_class_863d93c3f4417d p { color: #ffffff; }.effect-hover.marvelous_custom_class_863d93c3f4417d:hover img { opacity: 0.6; }.effect-hover.marvelous_custom_class_863d93c3f4417d { background: #000000; }.effect-hover.marvelous_custom_class_863d93c3f4417d:hover { background: #000000; }<\/style><a\n  href=\"https:\/\/www.astravernici.it\/prodotti\/\"\n  class=\"marvelous-link noHover\"\n  >\n  <figure class=\"marvelous-hover effect-hover effect-lily ratiooriginal effect-fonts  marvelous_custom_class_960747b53e44b6  \">\n        <img src=\"https:\/\/www.astravernici.it\/wp-content\/uploads\/2021\/01\/lucidatura.jpg\" alt=\"\"\/>\n    \n    <figcaption>\n      <div class=\"effect-caption astra\">\n        <div class=\"effect-heading\">\n          <div class=\"title-h2\">Linea <span>Prodotti<\/span><\/div>\n        <\/div>\n\n        <div class=\"effect-description\">\n                    <p class=\"description\">Ideale per valorizzare l\u2019impatto estetico del legno, per interni ed esterni.<br \/>\nDifenderlo e proteggerlo contro tutte le aggressioni ed il trascorrere del tempo.<\/p>\n                  <\/div>\n\n      <\/div>\n    <\/figcaption>\n  <\/figure>\n<\/a>\n<style type=\"text\/css\" data-type=\"vckit-shortcode-css\" data-shortcode=\"marvelous_hover\">.effect-hover.marvelous_custom_class_960747b53e44b6 h2, .effect-hover.marvelous_custom_class_960747b53e44b6 p { color: #ffffff; }.effect-hover.marvelous_custom_class_960747b53e44b6:hover img { opacity: 0.6; }.effect-hover.marvelous_custom_class_960747b53e44b6 { background: #000000; }.effect-hover.marvelous_custom_class_960747b53e44b6:hover { background: #000000; }<\/style>[\/vc_column][vc_column width=&#8221;1\/3&#8243; el_class=&#8221;box-shadow&#8221;]<a\n  href=\"https:\/\/www.astravernici.it\/it\/vernici-a-base-acqua\/\"\n  class=\"marvelous-link noHover\"\n  >\n  <figure class=\"marvelous-hover effect-hover effect-lily ratiooriginal effect-fonts  marvelous_custom_class_1063d93c4daf42b  \">\n        <img src=\"https:\/\/www.astravernici.it\/wp-content\/uploads\/2021\/01\/Vernici-allacqua.jpg\" alt=\"\"\/>\n    \n    <figcaption>\n      <div class=\"effect-caption astra\">\n        <div class=\"effect-heading\">\n          <div class=\"title-h2\">Vernici a <span>Base Acqua<\/span><\/div>\n        <\/div>\n\n        <div class=\"effect-description\">\n                    <p class=\"description\">Ideale per valorizzare l\u2019impatto estetico del legno, per interni ed esterni.<br \/>\nDifenderlo e proteggerlo contro tutte le aggressioni ed il trascorrere del tempo.<\/p>\n                  <\/div>\n\n      <\/div>\n    <\/figcaption>\n  <\/figure>\n<\/a>\n<style type=\"text\/css\" data-type=\"vckit-shortcode-css\" data-shortcode=\"marvelous_hover\">.effect-hover.marvelous_custom_class_1063d93c4daf42b h2, .effect-hover.marvelous_custom_class_1063d93c4daf42b p { color: #ffffff; }.effect-hover.marvelous_custom_class_1063d93c4daf42b:hover img { opacity: 0.6; }.effect-hover.marvelous_custom_class_1063d93c4daf42b { background: #000000; }.effect-hover.marvelous_custom_class_1063d93c4daf42b:hover { background: #000000; }<\/style><a\n  href=\"https:\/\/www.astravernici.it\/it\/effetti-speciali\/\"\n  class=\"marvelous-link noHover\"\n  >\n  <figure class=\"marvelous-hover effect-hover effect-lily ratiooriginal effect-fonts  marvelous_custom_class_863ea12c92333a  \">\n        <img src=\"https:\/\/www.astravernici.it\/wp-content\/uploads\/2021\/01\/serramenti.jpg\" alt=\"\"\/>\n    \n    <figcaption>\n      <div class=\"effect-caption astra\">\n        <div class=\"effect-heading\">\n          <div class=\"title-h2\">Effetti <span>Speciali<\/span><\/div>\n        <\/div>\n\n        <div class=\"effect-description\">\n                    <p class=\"description\">Ideale per valorizzare l\u2019impatto estetico del legno, per interni ed esterni.<br \/>\nDifenderlo e proteggerlo contro tutte le aggressioni ed il trascorrere del tempo.<\/p>\n                  <\/div>\n\n      <\/div>\n    <\/figcaption>\n  <\/figure>\n<\/a>\n<style type=\"text\/css\" data-type=\"vckit-shortcode-css\" data-shortcode=\"marvelous_hover\">.effect-hover.marvelous_custom_class_863ea12c92333a h2, .effect-hover.marvelous_custom_class_863ea12c92333a p { color: #ffffff; }.effect-hover.marvelous_custom_class_863ea12c92333a:hover img { opacity: 0.6; }.effect-hover.marvelous_custom_class_863ea12c92333a { background: #000000; }.effect-hover.marvelous_custom_class_863ea12c92333a:hover { background: #000000; }<\/style>[\/vc_column][vc_column width=&#8221;1\/3&#8243;]<a\n  href=\"https:\/\/www.astravernici.it\/it\/vernice-uso-industriale-vernici-speciali\/\"\n  class=\"marvelous-link noHover\"\n  >\n  <figure class=\"marvelous-hover effect-hover effect-lily ratiooriginal effect-fonts  marvelous_custom_class_863cfe853d5e5b  \">\n        <img src=\"https:\/\/www.astravernici.it\/wp-content\/uploads\/2021\/01\/vernici-uv.jpg\" alt=\"\"\/>\n    \n    <figcaption>\n      <div class=\"effect-caption astra\">\n        <div class=\"effect-heading\">\n          <div class=\"title-h2\">Vernici <span>Speciali<\/span><\/div>\n        <\/div>\n\n        <div class=\"effect-description\">\n                    <p class=\"description\">Ideale per valorizzare l\u2019impatto estetico del legno, per interni ed esterni.<br \/>\nDifenderlo e proteggerlo contro tutte le aggressioni ed il trascorrere del tempo.<\/p>\n                  <\/div>\n\n      <\/div>\n    <\/figcaption>\n  <\/figure>\n<\/a>\n<style type=\"text\/css\" data-type=\"vckit-shortcode-css\" data-shortcode=\"marvelous_hover\">.effect-hover.marvelous_custom_class_863cfe853d5e5b h2, .effect-hover.marvelous_custom_class_863cfe853d5e5b p { color: #ffffff; }.effect-hover.marvelous_custom_class_863cfe853d5e5b:hover img { opacity: 0.6; }.effect-hover.marvelous_custom_class_863cfe853d5e5b { background: #000000; }.effect-hover.marvelous_custom_class_863cfe853d5e5b:hover { background: #000000; }<\/style><a\n  href=\"https:\/\/www.astravernici.it\/it\/vernici\/vernice-antibatterica-anti-batterici-igienizzanti\/\"\n  class=\"marvelous-link noHover\"\n  >\n  <figure class=\"marvelous-hover effect-hover effect-lily ratiooriginal effect-fonts  marvelous_custom_class_1063ea12c054ab9  \">\n        <img src=\"https:\/\/www.astravernici.it\/wp-content\/uploads\/2021\/02\/nobuct-1.jpg\" alt=\"\"\/>\n    \n    <figcaption>\n      <div class=\"effect-caption astra\">\n        <div class=\"effect-heading\">\n          <div class=\"title-h2\">Speciale <span>Antibatterico<\/span><\/div>\n        <\/div>\n\n        <div class=\"effect-description\">\n                    <p class=\"description\">NOBACT Ag+ \u00e8 uno speciale additivo igienizzante di natura STABILE e PERMANENTE che permette alle nostre vernici a base solvente di creare una barriera invalicabile contro i batteri.<\/p>\n                  <\/div>\n\n      <\/div>\n    <\/figcaption>\n  <\/figure>\n<\/a>\n<style type=\"text\/css\" data-type=\"vckit-shortcode-css\" data-shortcode=\"marvelous_hover\">.effect-hover.marvelous_custom_class_1063ea12c054ab9 h2, .effect-hover.marvelous_custom_class_1063ea12c054ab9 p { color: #ffffff; }.effect-hover.marvelous_custom_class_1063ea12c054ab9:hover img { opacity: 0.6; }.effect-hover.marvelous_custom_class_1063ea12c054ab9 { background: #000000; }.effect-hover.marvelous_custom_class_1063ea12c054ab9:hover { background: #000000; }<\/style>[\/vc_column][\/vc_row][vc_row full_width=&#8221;stretch_row_content&#8221; css=&#8221;.vc_custom_1669711606015{background-color: #020202 !important;}&#8221;][vc_column width=&#8221;1\/6&#8243;][\/vc_column][vc_column width=&#8221;4\/6&#8243;][vc_column_text css_animation=&#8221;none&#8221;]<\/p>\n<div>\n<h3 style=\"font-size: 11px; text-align: center; text-transform: uppercase;\"><span style=\"color: #ffffff;\"><strong>vernici per legno<\/strong><\/span><\/h3>\n<p>&nbsp;<\/p>\n<\/div>\n<div style=\"text-align: center;\"><span style=\"color: #ffffff; font-size: 20px; line-height: 25px;\">Nella vasta gamma <strong>Astra Vernici<\/strong> esiste sempre il prodotto ideale per valorizzare l\u2019impatto estetico del legno,<br \/>\ncos\u00ec da difenderlo e proteggerlo contro tutte le aggressioni e soprattutto dal trascorrere del tempo.<\/span><\/div>\n<p>[\/vc_column_text]<div class=\"clearboth\"><\/div><div class=\"gem-divider \" style=\"margin-bottom: 25px;\"><\/div>[\/vc_column][vc_column width=&#8221;1\/6&#8243;][\/vc_column][\/vc_row][vc_row][vc_column width=&#8221;1\/2&#8243;][vc_column_text]Per non parlare degli <strong>investimenti tecnologici<\/strong> e gli aggiornamenti produttivi. Che negli ultimi anni hanno reso <strong>Astra Vernici<\/strong> competitiva in tutti i mercati di riferimento. Dunque dai moderni sistemi, alla miscelazione e dosaggio completamente automatizzati, escono i rivestimenti, progettati per rispondere a tutte le esigenze degli interlocutori di mercato nei pi\u00f9 diversi settori e scenari applicativi.<\/p>\n<h3 style=\"font-size: 12px; text-transform: uppercase; text-align: center;\"><strong>vernici per legno<\/strong><\/h3>\n<p>La pietra angolare dell&#8217;intero \u201csistema azienda\u201d \u00e8 quindi la <strong>qualit\u00e0<\/strong>, perseguita, gestita e controllata attraverso procedure attentamente pianificate. Il \u201csistema azienda\u201d di <strong>Astra Vernici<\/strong> permette di ottenere prodotti garantiti e affidabili, perch\u00e9 con livelli prestazionali e di sicurezza al vertice del settore, capaci di assicurare una resa che si traduce direttamente in competitivit\u00e0.[\/vc_column_text][\/vc_column][vc_column width=&#8221;1\/2&#8243;][vc_column_text]Tutti i prodotti <strong>Astra Vernici<\/strong> sono formulati con sostanze e materie prime che riproducono perfettamente l&#8217;intera tavolozza della natura, rendendo ogni sfumatura e sfumatura pi\u00f9 bella e durevole.<br \/>\nInoltre sono in grado di esaltare la creativit\u00e0 e la fantasia, assicurando risultati eccellenti anche nei progetti e negli accostamenti pi\u00f9 originali.<\/p>\n<h4 style=\"font-size: 12px; text-align: center;\"><strong>vernici ecologiche<\/strong><\/h4>\n<p>Il costante impegno rivolto alla realizzazione di vernici a <strong>basso impatto ambientale<\/strong> crea una scelta qualificante, nonch\u00e9 motivante. Perch\u00e9 unisce la risolutezza alle richieste degli utilizzatori e della <strong>sensibilit\u00e0 collettiva<\/strong> alle esigenze dell\u2019industria.[\/vc_column_text][\/vc_column][\/vc_row][vc_row full_width=&#8221;stretch_row_content_no_spaces&#8221; equal_height=&#8221;yes&#8221; content_placement=&#8221;middle&#8221; css=&#8221;.vc_custom_1568811796575{margin-top: 0px !important;margin-bottom: 0px !important;padding-top: 0px !important;padding-bottom: 0px !important;}&#8221;][vc_column css=&#8221;.vc_custom_1675180958276{margin-top: 0px !important;margin-bottom: 0px !important;padding-top: 330px !important;padding-bottom: 330px !important;background-image: url(https:\/\/www.astravernici.it\/wp-content\/uploads\/2023\/01\/astra-uv-2023__.jpg?id=34973) !important;background-position: center !important;background-repeat: no-repeat !important;background-size: cover !important;}&#8221; offset=&#8221;vc_col-lg-6 vc_col-md-6&#8243;][\/vc_column][vc_column disable_custom_paddings_tablet=&#8221;true&#8221; disable_custom_paddings_mobile=&#8221;true&#8221; css=&#8221;.vc_custom_1568816341859{margin-top: 0px !important;margin-bottom: 0px !important;padding-top: 60px !important;padding-right: 100px !important;padding-bottom: 60px !important;padding-left: 100px !important;background-color: #000000 !important;}&#8221; offset=&#8221;vc_col-lg-6 vc_col-md-6&#8243;][vc_column_text css_animation=&#8221;bottom-to-top&#8221;]<\/p>\n<div><a href=\"https:\/\/www.astravernici.it\/it\/vernici\/vernici-ad-essiccazione-uv-a-base-solvente-e-100-solide\/\"><span style=\"color: #fff; font-size: 18px; line-height: 25px;\">Con la definizione di \u201cvernici UV\u201d si intendono i prodotti vernicianti formulati con leganti polimerici contraddistinti da legami chimici \u201cinsaturi\u201d che reagiscono tramite reazione di polimerizzazione di tipo radicalico avviata da speciali foto-attivatori che si innescano tramite luce ultravioletta di lunghezza d\u2019onda particolare.<\/span><\/a><\/div>\n<p>[\/vc_column_text][vc_column_text css_animation=&#8221;bottom-to-top&#8221;]<\/p>\n<div><strong><span style=\"color: #ffffff; font-size: 18px; line-height: 25px;\">Questi polimeri hanno una buona diffusione poich\u00e9 garantiscono ridottissimi tempi di essicazione (sono ideali quindi dove \u00e8 richiesta forte produttivit\u00e0) e sono caratterizzati da basse emissioni di solventi (esistono prodotti al 100% di residuo secco) ed elevato riempimento.<\/span><\/strong><\/div>\n<p>[\/vc_column_text]<div class=\"clearboth\"><\/div><div class=\"gem-divider \" style=\"margin-top: 50px;\"><\/div>[\/vc_column][\/vc_row][vc_row full_width=&#8221;stretch_row_content_no_spaces&#8221; equal_height=&#8221;yes&#8221; content_placement=&#8221;middle&#8221; disable_element=&#8221;yes&#8221; css=&#8221;.vc_custom_1618400596468{margin-top: 0px !important;margin-bottom: 0px !important;padding-top: 0px !important;padding-bottom: 0px !important;}&#8221; el_class=&#8221;custom-testimonials&#8221;][vc_column disable_custom_paddings_tablet=&#8221;true&#8221; disable_custom_paddings_mobile=&#8221;true&#8221; css=&#8221;.vc_custom_1614419603841{margin-top: 0px !important;margin-bottom: 0px !important;padding-top: 60px !important;padding-bottom: 60px !important;background-color: #000000 !important;}&#8221; offset=&#8221;vc_col-lg-6 vc_col-md-6&#8243;][\/vc_column][vc_column css=&#8221;.vc_custom_1614416904786{margin-top: 0px !important;margin-bottom: 0px !important;padding-top: 330px !important;padding-bottom: 330px !important;background-image: url(https:\/\/www.astravernici.it\/wp-content\/uploads\/2021\/02\/home-testimonial.jpg?id=32460) !important;background-position: center !important;background-repeat: no-repeat !important;background-size: cover !important;}&#8221; offset=&#8221;vc_col-lg-6 vc_col-md-6&#8243;][\/vc_column][\/vc_row][vc_row full_width=&#8221;stretch_row&#8221; css=&#8221;.vc_custom_1672324001330{margin-top: 0px !important;margin-bottom: 0px !important;padding-top: 40px !important;padding-bottom: 20px !important;background-image: url(https:\/\/www.astravernici.it\/wp-content\/uploads\/2021\/02\/pattern.jpg?id=32489) !important;background-position: 0 0 !important;background-repeat: repeat !important;}&#8221; el_class=&#8221;hidden-sm; hidden-xs&#8221; el_id=&#8221;astrablog&#8221;][vc_column][vc_column_text css_animation=&#8221;bottom-to-top&#8221;]<\/p>\n<div class=\"title-h2\" style=\"text-align: center;\"><strong>Astra Blog<\/strong>: News &amp; Approfondimenti<\/div>\n<p>[\/vc_column_text]<div class=\"clearboth\"><\/div><div class=\"gem-divider \" style=\"margin-top: 40px;\"><\/div><div class=\"blog blog-style-justified-3x justified-style-2 inline-row clearfix item-animation-move-up\" data-next-page=\"0\">\n<article id=\"post-36946\" class=\"col-lg-4 col-md-4 col-sm-6 col-xs-6 inline-column item-animations-not-inited post-36946 post type-post status-publish format-standard has-post-thumbnail category-astra-vernici-news\"> <div class=\"post-content-wrapper\" style=\"\"> <div class=\"post-image\"><div class=\"post-featured-content\"><a href=\"https:\/\/www.astravernici.it\/it\/bio-solventi\/\"> <picture> <source srcset=\"https:\/\/www.astravernici.it\/wp-content\/uploads\/2026\/01\/Copy-of-Copy-of-BLOG_1-4-thegem-blog-justified.png 1x, https:\/\/www.astravernici.it\/wp-content\/uploads\/2026\/01\/Copy-of-Copy-of-BLOG_1-4-thegem-blog-justified.png 2x\" media=\"(max-width: 992px)\" sizes=\"100vw\"> <source srcset=\"https:\/\/www.astravernici.it\/wp-content\/uploads\/2026\/01\/Copy-of-Copy-of-BLOG_1-4-thegem-blog-justified-3x-small.png 1x, https:\/\/www.astravernici.it\/wp-content\/uploads\/2026\/01\/Copy-of-Copy-of-BLOG_1-4-thegem-blog-justified.png 2x\" media=\"(max-width: 1100px)\" sizes=\"100vw\"> <source srcset=\"https:\/\/www.astravernici.it\/wp-content\/uploads\/2026\/01\/Copy-of-Copy-of-BLOG_1-4-thegem-blog-justified-3x.png 1x, https:\/\/www.astravernici.it\/wp-content\/uploads\/2026\/01\/Copy-of-Copy-of-BLOG_1-4-thegem-blog-justified.png 2x\" media=\"(max-width: 1920px)\" sizes=\"100vw\"> <img src=\"https:\/\/www.astravernici.it\/wp-content\/uploads\/2026\/01\/Copy-of-Copy-of-BLOG_1-4-thegem-blog-justified.png\" width=\"640\" height=\"480\" class=\"img-responsive\" alt=\"Copy of Copy of BLOG_1-4\" \/> <\/picture> <\/a><\/div><\/div> <div class=\"description\"> <div class=\"post-meta-conteiner\"> <div class=\"post-meta-right\"> <\/div> <\/div> <div class=\"post-title\"> <div class=\"entry-title title-h4\"><a href=\"https:\/\/www.astravernici.it\/it\/bio-solventi\/\" rel=\"bookmark\"><span class=\"light\">Bio-solventi<\/span><\/a><\/div> <\/div> <div class=\"post-text\"> <div class=\"summary\"> <p>Scopri il nostro rating ESG, dimostrando eccellenza in sostenibilit\u00e0 ambientale, sociale e di governance con energia rinnovabile. <\/p> <\/div> <\/div> <div class=\"info clearfix\"> <div class=\"post-footer-sharing\"><div class=\"gem-button-container gem-button-position-inline\"><a class=\"gem-button gem-button-size-tiny gem-button-style-flat gem-button-text-weight-normal gem-button-empty\" style=\"border-radius: 3px;\" onmouseleave=\"\" onmouseenter=\"\" href=\"#\" target=\"_self\"><i class=\"gem-print-icon gem-icon-pack-thegem-icons gem-icon-share\"><\/i><\/a><\/div> <div class=\"sharing-popup\"> <div class=\"socials-sharing socials socials-colored-hover \"> <a class=\"socials-item\" target=\"_blank\" href=\"https:\/\/www.facebook.com\/sharer\/sharer.php?u=https%3A%2F%2Fwww.astravernici.it%2Fit%2Fbio-solventi%2F\" title=\"Facebook\"><i class=\"socials-item-icon facebook\"><\/i><\/a> <a class=\"socials-item\" target=\"_blank\" href=\"https:\/\/twitter.com\/intent\/tweet?text=Bio-solventi&#038;url=https%3A%2F%2Fwww.astravernici.it%2Fit%2Fbio-solventi%2F\" title=\"Twitter\"><i class=\"socials-item-icon twitter\"><\/i><\/a> <a class=\"socials-item\" target=\"_blank\" href=\"https:\/\/pinterest.com\/pin\/create\/button\/?url=https%3A%2F%2Fwww.astravernici.it%2Fit%2Fbio-solventi%2F&#038;description=Bio-solventi&#038;media=https%3A%2F%2Fwww.astravernici.it%2Fwp-content%2Fuploads%2F2026%2F01%2FCopy-of-Copy-of-BLOG_1-4-thegem-blog-timeline-large.png\" title=\"Pinterest\"><i class=\"socials-item-icon pinterest\"><\/i><\/a> <a class=\"socials-item\" target=\"_blank\" href=\"http:\/\/tumblr.com\/widgets\/share\/tool?canonicalUrl=https%3A%2F%2Fwww.astravernici.it%2Fit%2Fbio-solventi%2F\" title=\"Tumblr\"><i class=\"socials-item-icon tumblr\"><\/i><\/a> <a class=\"socials-item\" target=\"_blank\" href=\"https:\/\/www.linkedin.com\/shareArticle?mini=true&#038;url=https%3A%2F%2Fwww.astravernici.it%2Fit%2Fbio-solventi%2F&#038;title=Bio-solventi&amp;summary=Scopri+il+nostro+rating+ESG%2C+dimostrando+eccellenza+in+sostenibilit%C3%A0+ambientale%2C+sociale+e+di+governance+con+energia+rinnovabile.+\" title=\"LinkedIn\"><i class=\"socials-item-icon linkedin\"><\/i><\/a> <a class=\"socials-item\" target=\"_blank\" href=\"https:\/\/www.reddit.com\/submit?url=https%3A%2F%2Fwww.astravernici.it%2Fit%2Fbio-solventi%2F&#038;title=Bio-solventi\" title=\"Reddit\"><i class=\"socials-item-icon reddit\"><\/i><\/a> <\/div> <svg class=\"sharing-styled-arrow\"><use xlink:href=\"https:\/\/www.astravernici.it\/wp-content\/themes\/thegem\/css\/post-arrow.svg#dec-post-arrow\"><\/use><\/svg><\/div><\/div> <div class=\"post-read-more\"><div class=\"gem-button-container gem-button-position-inline\"><a class=\"gem-button gem-button-size-tiny gem-button-style-outline gem-button-text-weight-normal gem-button-border-2\" style=\"border-radius: 3px;\" onmouseleave=\"\" onmouseenter=\"\" href=\"https:\/\/www.astravernici.it\/it\/bio-solventi\/\" target=\"_self\">Leggi tutto<\/a><\/div> <\/div> <\/div> <\/div> <\/div>\n<\/article> <article id=\"post-36361\" class=\"col-lg-4 col-md-4 col-sm-6 col-xs-6 inline-column item-animations-not-inited post-36361 post type-post status-publish format-standard has-post-thumbnail category-astra-vernici-news\"> <div class=\"post-content-wrapper\" style=\"\"> <div class=\"post-image\"><div class=\"post-featured-content\"><a href=\"https:\/\/www.astravernici.it\/it\/la-vernice-giusta-per-il-supporto-giusto\/\"> <picture> <source srcset=\"https:\/\/www.astravernici.it\/wp-content\/uploads\/2025\/11\/uomo-di-vista-frontale-che-lavora-con-la-pistola-della-vernice-scaled-thegem-blog-justified.jpg 1x, https:\/\/www.astravernici.it\/wp-content\/uploads\/2025\/11\/uomo-di-vista-frontale-che-lavora-con-la-pistola-della-vernice-scaled-thegem-blog-justified.jpg 2x\" media=\"(max-width: 992px)\" sizes=\"100vw\"> <source srcset=\"https:\/\/www.astravernici.it\/wp-content\/uploads\/2025\/11\/uomo-di-vista-frontale-che-lavora-con-la-pistola-della-vernice-scaled-thegem-blog-justified-3x-small.jpg 1x, https:\/\/www.astravernici.it\/wp-content\/uploads\/2025\/11\/uomo-di-vista-frontale-che-lavora-con-la-pistola-della-vernice-scaled-thegem-blog-justified.jpg 2x\" media=\"(max-width: 1100px)\" sizes=\"100vw\"> <source srcset=\"https:\/\/www.astravernici.it\/wp-content\/uploads\/2025\/11\/uomo-di-vista-frontale-che-lavora-con-la-pistola-della-vernice-scaled-thegem-blog-justified-3x.jpg 1x, https:\/\/www.astravernici.it\/wp-content\/uploads\/2025\/11\/uomo-di-vista-frontale-che-lavora-con-la-pistola-della-vernice-scaled-thegem-blog-justified.jpg 2x\" media=\"(max-width: 1920px)\" sizes=\"100vw\"> <img src=\"https:\/\/www.astravernici.it\/wp-content\/uploads\/2025\/11\/uomo-di-vista-frontale-che-lavora-con-la-pistola-della-vernice-scaled-thegem-blog-justified.jpg\" width=\"640\" height=\"480\" class=\"img-responsive\" alt=\"uomo-di-vista-frontale-che-lavora-con-la-pistola-della-vernice\" \/> <\/picture> <\/a><\/div><\/div> <div class=\"description\"> <div class=\"post-meta-conteiner\"> <div class=\"post-meta-right\"> <\/div> <\/div> <div class=\"post-title\"> <div class=\"entry-title title-h4\"><a href=\"https:\/\/www.astravernici.it\/it\/la-vernice-giusta-per-il-supporto-giusto\/\" rel=\"bookmark\"><span class=\"light\">Il prodotto giusto, al posto giusto: il segreto di una finitura perfetta<\/span><\/a><\/div> <\/div> <div class=\"post-text\"> <div class=\"summary\"> <p>Scopri come la colorimetria trasforma emozioni e spazi unendo arte, design e tecnologia con il sistema tintometrico KROMA MIX.<\/p> <\/div> <\/div> <div class=\"info clearfix\"> <div class=\"post-footer-sharing\"><div class=\"gem-button-container gem-button-position-inline\"><a class=\"gem-button gem-button-size-tiny gem-button-style-flat gem-button-text-weight-normal gem-button-empty\" style=\"border-radius: 3px;\" onmouseleave=\"\" onmouseenter=\"\" href=\"#\" target=\"_self\"><i class=\"gem-print-icon gem-icon-pack-thegem-icons gem-icon-share\"><\/i><\/a><\/div> <div class=\"sharing-popup\"> <div class=\"socials-sharing socials socials-colored-hover \"> <a class=\"socials-item\" target=\"_blank\" href=\"https:\/\/www.facebook.com\/sharer\/sharer.php?u=https%3A%2F%2Fwww.astravernici.it%2Fit%2Fla-vernice-giusta-per-il-supporto-giusto%2F\" title=\"Facebook\"><i class=\"socials-item-icon facebook\"><\/i><\/a> <a class=\"socials-item\" target=\"_blank\" href=\"https:\/\/twitter.com\/intent\/tweet?text=Il+prodotto+giusto%2C+al+posto+giusto%3A+il+segreto+di+una+finitura+perfetta&#038;url=https%3A%2F%2Fwww.astravernici.it%2Fit%2Fla-vernice-giusta-per-il-supporto-giusto%2F\" title=\"Twitter\"><i class=\"socials-item-icon twitter\"><\/i><\/a> <a class=\"socials-item\" target=\"_blank\" href=\"https:\/\/pinterest.com\/pin\/create\/button\/?url=https%3A%2F%2Fwww.astravernici.it%2Fit%2Fla-vernice-giusta-per-il-supporto-giusto%2F&#038;description=Il+prodotto+giusto%2C+al+posto+giusto%3A+il+segreto+di+una+finitura+perfetta&#038;media=https%3A%2F%2Fwww.astravernici.it%2Fwp-content%2Fuploads%2F2025%2F11%2Fuomo-di-vista-frontale-che-lavora-con-la-pistola-della-vernice-scaled-thegem-blog-timeline-large.jpg\" title=\"Pinterest\"><i class=\"socials-item-icon pinterest\"><\/i><\/a> <a class=\"socials-item\" target=\"_blank\" href=\"http:\/\/tumblr.com\/widgets\/share\/tool?canonicalUrl=https%3A%2F%2Fwww.astravernici.it%2Fit%2Fla-vernice-giusta-per-il-supporto-giusto%2F\" title=\"Tumblr\"><i class=\"socials-item-icon tumblr\"><\/i><\/a> <a class=\"socials-item\" target=\"_blank\" href=\"https:\/\/www.linkedin.com\/shareArticle?mini=true&#038;url=https%3A%2F%2Fwww.astravernici.it%2Fit%2Fla-vernice-giusta-per-il-supporto-giusto%2F&#038;title=Il+prodotto+giusto%2C+al+posto+giusto%3A+il+segreto+di+una+finitura+perfetta&amp;summary=Scopri+come+la+colorimetria+trasforma+emozioni+e+spazi+unendo+arte%2C+design+e+tecnologia+con+il+sistema+tintometrico+KROMA+MIX.\" title=\"LinkedIn\"><i class=\"socials-item-icon linkedin\"><\/i><\/a> <a class=\"socials-item\" target=\"_blank\" href=\"https:\/\/www.reddit.com\/submit?url=https%3A%2F%2Fwww.astravernici.it%2Fit%2Fla-vernice-giusta-per-il-supporto-giusto%2F&#038;title=Il+prodotto+giusto%2C+al+posto+giusto%3A+il+segreto+di+una+finitura+perfetta\" title=\"Reddit\"><i class=\"socials-item-icon reddit\"><\/i><\/a> <\/div> <svg class=\"sharing-styled-arrow\"><use xlink:href=\"https:\/\/www.astravernici.it\/wp-content\/themes\/thegem\/css\/post-arrow.svg#dec-post-arrow\"><\/use><\/svg><\/div><\/div> <div class=\"post-read-more\"><div class=\"gem-button-container gem-button-position-inline\"><a class=\"gem-button gem-button-size-tiny gem-button-style-outline gem-button-text-weight-normal gem-button-border-2\" style=\"border-radius: 3px;\" onmouseleave=\"\" onmouseenter=\"\" href=\"https:\/\/www.astravernici.it\/it\/la-vernice-giusta-per-il-supporto-giusto\/\" target=\"_self\">Leggi tutto<\/a><\/div> <\/div> <\/div> <\/div> <\/div>\n<\/article> <article id=\"post-35968\" class=\"col-lg-4 col-md-4 col-sm-6 col-xs-6 inline-column item-animations-not-inited post-35968 post type-post status-publish format-standard has-post-thumbnail category-astra-vernici-news\"> <div class=\"post-content-wrapper\" style=\"\"> <div class=\"post-image\"><div class=\"post-featured-content\"><a href=\"https:\/\/www.astravernici.it\/it\/larte-della-colorimetria-come-i-colori-trasformano-spazi-emozioni-e-durabilita\/\"> <picture> <source srcset=\"https:\/\/www.astravernici.it\/wp-content\/uploads\/2025\/09\/blog-astra-thegem-blog-justified.jpg 1x, https:\/\/www.astravernici.it\/wp-content\/uploads\/2025\/09\/blog-astra-thegem-blog-justified.jpg 2x\" media=\"(max-width: 992px)\" sizes=\"100vw\"> <source srcset=\"https:\/\/www.astravernici.it\/wp-content\/uploads\/2025\/09\/blog-astra-thegem-blog-justified-3x-small.jpg 1x, https:\/\/www.astravernici.it\/wp-content\/uploads\/2025\/09\/blog-astra-thegem-blog-justified.jpg 2x\" media=\"(max-width: 1100px)\" sizes=\"100vw\"> <source srcset=\"https:\/\/www.astravernici.it\/wp-content\/uploads\/2025\/09\/blog-astra-thegem-blog-justified-3x.jpg 1x, https:\/\/www.astravernici.it\/wp-content\/uploads\/2025\/09\/blog-astra-thegem-blog-justified.jpg 2x\" media=\"(max-width: 1920px)\" sizes=\"100vw\"> <img src=\"https:\/\/www.astravernici.it\/wp-content\/uploads\/2025\/09\/blog-astra-thegem-blog-justified.jpg\" width=\"640\" height=\"480\" class=\"img-responsive\" alt=\"blog-astra\" \/> <\/picture> <\/a><\/div><\/div> <div class=\"description\"> <div class=\"post-meta-conteiner\"> <div class=\"post-meta-right\"> <\/div> <\/div> <div class=\"post-title\"> <div class=\"entry-title title-h4\"><a href=\"https:\/\/www.astravernici.it\/it\/larte-della-colorimetria-come-i-colori-trasformano-spazi-emozioni-e-durabilita\/\" rel=\"bookmark\"><span class=\"light\">L\u2019arte della colorimetria: come i colori trasformano spazi, emozioni e durabilit\u00e0<\/span><\/a><\/div> <\/div> <div class=\"post-text\"> <div class=\"summary\"> <p>Scopri come la colorimetria trasforma emozioni e spazi unendo arte, design e tecnologia con il sistema tintometrico KROMA MIX.<\/p> <\/div> <\/div> <div class=\"info clearfix\"> <div class=\"post-footer-sharing\"><div class=\"gem-button-container gem-button-position-inline\"><a class=\"gem-button gem-button-size-tiny gem-button-style-flat gem-button-text-weight-normal gem-button-empty\" style=\"border-radius: 3px;\" onmouseleave=\"\" onmouseenter=\"\" href=\"#\" target=\"_self\"><i class=\"gem-print-icon gem-icon-pack-thegem-icons gem-icon-share\"><\/i><\/a><\/div> <div class=\"sharing-popup\"> <div class=\"socials-sharing socials socials-colored-hover \"> <a class=\"socials-item\" target=\"_blank\" href=\"https:\/\/www.facebook.com\/sharer\/sharer.php?u=https%3A%2F%2Fwww.astravernici.it%2Fit%2Flarte-della-colorimetria-come-i-colori-trasformano-spazi-emozioni-e-durabilita%2F\" title=\"Facebook\"><i class=\"socials-item-icon facebook\"><\/i><\/a> <a class=\"socials-item\" target=\"_blank\" href=\"https:\/\/twitter.com\/intent\/tweet?text=L%E2%80%99arte+della+colorimetria%3A+come+i+colori+trasformano+spazi%2C+emozioni+e+durabilit%C3%A0&#038;url=https%3A%2F%2Fwww.astravernici.it%2Fit%2Flarte-della-colorimetria-come-i-colori-trasformano-spazi-emozioni-e-durabilita%2F\" title=\"Twitter\"><i class=\"socials-item-icon twitter\"><\/i><\/a> <a class=\"socials-item\" target=\"_blank\" href=\"https:\/\/pinterest.com\/pin\/create\/button\/?url=https%3A%2F%2Fwww.astravernici.it%2Fit%2Flarte-della-colorimetria-come-i-colori-trasformano-spazi-emozioni-e-durabilita%2F&#038;description=L%E2%80%99arte+della+colorimetria%3A+come+i+colori+trasformano+spazi%2C+emozioni+e+durabilit%C3%A0&#038;media=https%3A%2F%2Fwww.astravernici.it%2Fwp-content%2Fuploads%2F2025%2F09%2Fblog-astra-thegem-blog-timeline-large.jpg\" title=\"Pinterest\"><i class=\"socials-item-icon pinterest\"><\/i><\/a> <a class=\"socials-item\" target=\"_blank\" href=\"http:\/\/tumblr.com\/widgets\/share\/tool?canonicalUrl=https%3A%2F%2Fwww.astravernici.it%2Fit%2Flarte-della-colorimetria-come-i-colori-trasformano-spazi-emozioni-e-durabilita%2F\" title=\"Tumblr\"><i class=\"socials-item-icon tumblr\"><\/i><\/a> <a class=\"socials-item\" target=\"_blank\" href=\"https:\/\/www.linkedin.com\/shareArticle?mini=true&#038;url=https%3A%2F%2Fwww.astravernici.it%2Fit%2Flarte-della-colorimetria-come-i-colori-trasformano-spazi-emozioni-e-durabilita%2F&#038;title=L%E2%80%99arte+della+colorimetria%3A+come+i+colori+trasformano+spazi%2C+emozioni+e+durabilit%C3%A0&amp;summary=Scopri+come+la+colorimetria+trasforma+emozioni+e+spazi+unendo+arte%2C+design+e+tecnologia+con+il+sistema+tintometrico+KROMA+MIX.\" title=\"LinkedIn\"><i class=\"socials-item-icon linkedin\"><\/i><\/a> <a class=\"socials-item\" target=\"_blank\" href=\"https:\/\/www.reddit.com\/submit?url=https%3A%2F%2Fwww.astravernici.it%2Fit%2Flarte-della-colorimetria-come-i-colori-trasformano-spazi-emozioni-e-durabilita%2F&#038;title=L%E2%80%99arte+della+colorimetria%3A+come+i+colori+trasformano+spazi%2C+emozioni+e+durabilit%C3%A0\" title=\"Reddit\"><i class=\"socials-item-icon reddit\"><\/i><\/a> <\/div> <svg class=\"sharing-styled-arrow\"><use xlink:href=\"https:\/\/www.astravernici.it\/wp-content\/themes\/thegem\/css\/post-arrow.svg#dec-post-arrow\"><\/use><\/svg><\/div><\/div> <div class=\"post-read-more\"><div class=\"gem-button-container gem-button-position-inline\"><a class=\"gem-button gem-button-size-tiny gem-button-style-outline gem-button-text-weight-normal gem-button-border-2\" style=\"border-radius: 3px;\" onmouseleave=\"\" onmouseenter=\"\" href=\"https:\/\/www.astravernici.it\/it\/larte-della-colorimetria-come-i-colori-trasformano-spazi-emozioni-e-durabilita\/\" target=\"_self\">Leggi tutto<\/a><\/div> <\/div> <\/div> <\/div> <\/div>\n<\/article>\n<\/div>\t<div class=\"gem-pagination\"><div class=\"gem-pagination-links\"> <span aria-current=\"page\" class=\"page-numbers current\">1<\/span>\n<a class=\"page-numbers\" href=\"https:\/\/www.astravernici.it\/it\/wp-json\/wp\/v2\/pages\/312\/page\/2\/\">2<\/a>\n<span class=\"page-numbers dots\">&hellip;<\/span>\n<a class=\"page-numbers\" href=\"https:\/\/www.astravernici.it\/it\/wp-json\/wp\/v2\/pages\/312\/page\/12\/\">12<\/a>\n<a class=\"next page-numbers\" href=\"https:\/\/www.astravernici.it\/it\/wp-json\/wp\/v2\/pages\/312\/page\/2\/\"><\/a>\t<\/div><\/div><!-- .pagination -->[\/vc_column][\/vc_row][vc_row full_width=&#8221;stretch_row&#8221; css=&#8221;.vc_custom_1618490793046{margin-top: 0px !important;margin-bottom: 0px !important;padding-top: 20px !important;padding-bottom: 20px !important;background-position: 0 0 !important;background-repeat: repeat !important;}&#8221;][vc_column][vc_column_text css_animation=&#8221;none&#8221;]<\/p>\n<div style=\"text-align: center;\"><span style=\"color: #000000; font-size: 20px; line-height: 25px;\"><strong>Astra Vernici<\/strong> Presentazione <strong>Video<br \/>\n<\/strong><em>&#8220;Creativi per Natura&#8221;<\/em><em style=\"font-size: 15px;\"><br \/>\ndirected by <a href=\"https:\/\/marcomelosu.it\">Marco Melosu Filmmaker<\/a><\/em><\/span><\/div>\n<p>[\/vc_column_text][\/vc_column][\/vc_row][vc_row full_width=&#8221;stretch_row_content_no_spaces&#8221; disable_custom_paddings_tablet=&#8221;true&#8221; disable_custom_paddings_mobile=&#8221;true&#8221; css=&#8221;.vc_custom_1620727301471{margin-top: 0px !important;margin-bottom: 0px !important;padding-top: 200px !important;padding-bottom: 200px !important;background-image: url(https:\/\/www.astravernici.it\/wp-content\/uploads\/2021\/04\/forestnature.jpg?id=33669) !important;background-position: center !important;background-repeat: no-repeat !important;background-size: cover !important;}&#8221; el_class=&#8221;mobile-padding&#8221;][vc_column width=&#8221;1\/2&#8243; css=&#8221;.vc_custom_1620727370598{background-image: url(https:\/\/www.astravernici.it\/wp-content\/uploads\/2021\/04\/playvideo.jpg?id=33677) !important;background-position: center !important;background-repeat: no-repeat !important;background-size: contain !important;}&#8221; offset=&#8221;vc_col-lg-offset-3 vc_col-lg-6 vc_col-md-offset-3 vc_col-md-6 vc_col-sm-offset-3 vc_col-xs-12&#8243;]<div class=\"clearboth\"><\/div><div class=\"gem-divider \" style=\"margin-top: 100px;\"><\/div>[vc_single_image image=&#8221;33562&#8243; img_size=&#8221;full&#8221; alignment=&#8221;center&#8221; onclick=&#8221;custom_link&#8221; css_animation=&#8221;bottom-to-top&#8221; link=&#8221;javascript:;&#8221; el_class=&#8221;fancy&#8221; css=&#8221;.vc_custom_1620726959528{margin-bottom: 0px !important;padding-top: 150px !important;}&#8221;][vc_raw_js]JTNDc2NyaXB0JTNFJTBBJTBBdmFyJTIwcmVhZHklMjAlM0QlMjAlMjhjYWxsYmFjayUyOSUyMCUzRCUzRSUyMCU3QiUwQSUwOWlmJTIwJTI4ZG9jdW1lbnQucmVhZHlTdGF0ZSUyMCUyMSUzRCUyMCUyMmxvYWRpbmclMjIlMjklMjBjYWxsYmFjayUyOCUyOSUzQiUwQSUwOWVsc2UlMjBkb2N1bWVudC5hZGRFdmVudExpc3RlbmVyJTI4JTIyRE9NQ29udGVudExvYWRlZCUyMiUyQyUyMGNhbGxiYWNrJTI5JTNCJTBBJTdEJTNCJTBBJTBBcmVhZHklMjglMjglMjklMjAlM0QlM0UlMjAlN0IlMEElMDlpZiUyMCUyOGRvY3VtZW50LnF1ZXJ5U2VsZWN0b3IlMjglMjIlMjN2Y19pbmxpbmUtZnJhbWUlMjIlMjklMjklMjByZXR1cm4lM0IlMEElMEElMDl2YXIlMjBlbGVtJTIwJTNEJTIwZG9jdW1lbnQucXVlcnlTZWxlY3RvciUyOCUyMi5mYW5jeSUyMGElMjIlMjklM0IlMEElMDllbGVtLnNldEF0dHJpYnV0ZSUyOCUyN2RhdGEtZmFuY3lib3glMjclMkMlMjAlMjclMjclMjklM0IlMEElMDklMEElMDllbGVtLnNldEF0dHJpYnV0ZSUyOCUyN2RhdGEtc3JjJTI3JTJDJTIwJTI3aHR0cHMlM0ElMkYlMkZ3d3cueW91dHViZS5jb20lMkZ3YXRjaCUzRnYlM0RKUE9zcXB6YTBOZyUyNyUyOSUzQiUwQSU3RCUyOSUzQiUwQSUwQSUzQyUyRnNjcmlwdCUzRQ==[\/vc_raw_js]<div class=\"clearboth\"><\/div><div class=\"gem-divider \" style=\"margin-top: 240px;\"><\/div>[\/vc_column][\/vc_row]<\/p>\n","protected":false},"excerpt":{"rendered":"<p>[vc_row][vc_column offset=&#8221;vc_hidden-sm vc_hidden-xs&#8221;][\/vc_column][\/vc_row][vc_row css=&#8221;.vc_custom_1668031452486{background-position: center !important;background-repeat: no-repeat !important;background-size: cover !important;}&#8221;][vc_column offset=&#8221;vc_hidden-lg&#8221; css=&#8221;.vc_custom_1668031972831{margin-top: -40px !important;padding-top: 200px !important;padding-bottom: 200px !important;background-image: url(https:\/\/www.astravernici.it\/wp-content\/uploads\/2022\/11\/interior-design_studio.jpg?id=34724) !important;background-position:&#8230;<\/p>\n","protected":false},"author":1,"featured_media":0,"parent":0,"menu_order":0,"comment_status":"closed","ping_status":"closed","template":"","meta":{"_mi_skip_tracking":false,"_monsterinsights_sitenote_active":false,"_monsterinsights_sitenote_note":"","_monsterinsights_sitenote_category":0},"yoast_head":"<!-- This site is optimized with the Yoast SEO Premium plugin v16.0.3 (Yoast SEO v17.6) - https:\/\/yoast.com\/wordpress\/plugins\/seo\/ -->\n<title>Vernici per Legno Professionali per l&#039;industria, Made in Italy | Astra Vernici<\/title>\n<meta name=\"description\" content=\"Facciamo chiarezza su quali vernici usare per i legno. Vernici per legno esterno, vernici poliuretaniche, vernici per mobili a base d&#039;acqua\" \/>\n<meta name=\"robots\" content=\"index, follow, max-snippet:-1, max-image-preview:large, max-video-preview:-1\" \/>\n<link rel=\"canonical\" href=\"https:\/\/www.astravernici.it\/it\/\" \/>\n<meta property=\"og:locale\" content=\"it_IT\" \/>\n<meta property=\"og:type\" content=\"article\" \/>\n<meta property=\"og:title\" content=\"Vernici per Legno Professionali per l&#039;industria, Made in Italy | Astra Vernici\" \/>\n<meta property=\"og:description\" content=\"Facciamo chiarezza su quali vernici usare per i legno. Vernici per legno esterno, vernici poliuretaniche, vernici per mobili a base d&#039;acqua\" \/>\n<meta property=\"og:url\" content=\"https:\/\/www.astravernici.it\/it\/\" \/>\n<meta property=\"og:site_name\" content=\"Astra Vernici\" \/>\n<meta property=\"article:modified_time\" content=\"2025-12-10T10:12:01+00:00\" \/>\n<meta name=\"twitter:card\" content=\"summary_large_image\" \/>\n<meta name=\"twitter:label1\" content=\"Tempo di lettura stimato\" \/>\n\t<meta name=\"twitter:data1\" content=\"6 minuti\" \/>\n<script type=\"application\/ld+json\" class=\"yoast-schema-graph\">{\"@context\":\"https:\/\/schema.org\",\"@graph\":[{\"@type\":\"Organization\",\"@id\":\"https:\/\/www.astravernici.it\/it\/#organization\",\"name\":\"Astra Vernici\",\"url\":\"https:\/\/www.astravernici.it\/it\/\",\"sameAs\":[],\"logo\":{\"@type\":\"ImageObject\",\"@id\":\"https:\/\/www.astravernici.it\/it\/#logo\",\"inLanguage\":\"it-IT\",\"url\":\"https:\/\/www.astravernici.it\/wp-content\/uploads\/2025\/10\/Logo-_Astra_750x492.svg\",\"contentUrl\":\"https:\/\/www.astravernici.it\/wp-content\/uploads\/2025\/10\/Logo-_Astra_750x492.svg\",\"caption\":\"Astra Vernici\"},\"image\":{\"@id\":\"https:\/\/www.astravernici.it\/it\/#logo\"}},{\"@type\":\"WebSite\",\"@id\":\"https:\/\/www.astravernici.it\/it\/#website\",\"url\":\"https:\/\/www.astravernici.it\/it\/\",\"name\":\"Astra Vernici\",\"description\":\"Your Coating Partner\",\"publisher\":{\"@id\":\"https:\/\/www.astravernici.it\/it\/#organization\"},\"potentialAction\":[{\"@type\":\"SearchAction\",\"target\":{\"@type\":\"EntryPoint\",\"urlTemplate\":\"https:\/\/www.astravernici.it\/it\/?s={search_term_string}\"},\"query-input\":\"required name=search_term_string\"}],\"inLanguage\":\"it-IT\"},{\"@type\":\"WebPage\",\"@id\":\"https:\/\/www.astravernici.it\/it\/#webpage\",\"url\":\"https:\/\/www.astravernici.it\/it\/\",\"name\":\"Vernici per Legno Professionali per l'industria, Made in Italy | Astra Vernici\",\"isPartOf\":{\"@id\":\"https:\/\/www.astravernici.it\/it\/#website\"},\"datePublished\":\"2019-09-18T10:40:31+00:00\",\"dateModified\":\"2025-12-10T10:12:01+00:00\",\"description\":\"Facciamo chiarezza su quali vernici usare per i legno. Vernici per legno esterno, vernici poliuretaniche, vernici per mobili a base d'acqua\",\"breadcrumb\":{\"@id\":\"https:\/\/www.astravernici.it\/it\/#breadcrumb\"},\"inLanguage\":\"it-IT\",\"potentialAction\":[{\"@type\":\"ReadAction\",\"target\":[\"https:\/\/www.astravernici.it\/it\/\"]}]},{\"@type\":\"BreadcrumbList\",\"@id\":\"https:\/\/www.astravernici.it\/it\/#breadcrumb\",\"itemListElement\":[{\"@type\":\"ListItem\",\"position\":1,\"name\":\"Home\",\"item\":\"https:\/\/www.astravernici.it\/it\/\"},{\"@type\":\"ListItem\",\"position\":2,\"name\":\"Italian Performance Wood Coatings : Astravernici\"}]}]}<\/script>\n<!-- \/ Yoast SEO Premium plugin. -->","yoast_head_json":{"title":"Vernici per Legno Professionali per l'industria, Made in Italy | Astra Vernici","description":"Facciamo chiarezza su quali vernici usare per i legno. Vernici per legno esterno, vernici poliuretaniche, vernici per mobili a base d'acqua","robots":{"index":"index","follow":"follow","max-snippet":"max-snippet:-1","max-image-preview":"max-image-preview:large","max-video-preview":"max-video-preview:-1"},"canonical":"https:\/\/www.astravernici.it\/it\/","og_locale":"it_IT","og_type":"article","og_title":"Vernici per Legno Professionali per l'industria, Made in Italy | Astra Vernici","og_description":"Facciamo chiarezza su quali vernici usare per i legno. Vernici per legno esterno, vernici poliuretaniche, vernici per mobili a base d'acqua","og_url":"https:\/\/www.astravernici.it\/it\/","og_site_name":"Astra Vernici","article_modified_time":"2025-12-10T10:12:01+00:00","twitter_card":"summary_large_image","twitter_misc":{"Tempo di lettura stimato":"6 minuti"},"schema":{"@context":"https:\/\/schema.org","@graph":[{"@type":"Organization","@id":"https:\/\/www.astravernici.it\/it\/#organization","name":"Astra Vernici","url":"https:\/\/www.astravernici.it\/it\/","sameAs":[],"logo":{"@type":"ImageObject","@id":"https:\/\/www.astravernici.it\/it\/#logo","inLanguage":"it-IT","url":"https:\/\/www.astravernici.it\/wp-content\/uploads\/2025\/10\/Logo-_Astra_750x492.svg","contentUrl":"https:\/\/www.astravernici.it\/wp-content\/uploads\/2025\/10\/Logo-_Astra_750x492.svg","caption":"Astra Vernici"},"image":{"@id":"https:\/\/www.astravernici.it\/it\/#logo"}},{"@type":"WebSite","@id":"https:\/\/www.astravernici.it\/it\/#website","url":"https:\/\/www.astravernici.it\/it\/","name":"Astra Vernici","description":"Your Coating Partner","publisher":{"@id":"https:\/\/www.astravernici.it\/it\/#organization"},"potentialAction":[{"@type":"SearchAction","target":{"@type":"EntryPoint","urlTemplate":"https:\/\/www.astravernici.it\/it\/?s={search_term_string}"},"query-input":"required name=search_term_string"}],"inLanguage":"it-IT"},{"@type":"WebPage","@id":"https:\/\/www.astravernici.it\/it\/#webpage","url":"https:\/\/www.astravernici.it\/it\/","name":"Vernici per Legno Professionali per l'industria, Made in Italy | Astra Vernici","isPartOf":{"@id":"https:\/\/www.astravernici.it\/it\/#website"},"datePublished":"2019-09-18T10:40:31+00:00","dateModified":"2025-12-10T10:12:01+00:00","description":"Facciamo chiarezza su quali vernici usare per i legno. Vernici per legno esterno, vernici poliuretaniche, vernici per mobili a base d'acqua","breadcrumb":{"@id":"https:\/\/www.astravernici.it\/it\/#breadcrumb"},"inLanguage":"it-IT","potentialAction":[{"@type":"ReadAction","target":["https:\/\/www.astravernici.it\/it\/"]}]},{"@type":"BreadcrumbList","@id":"https:\/\/www.astravernici.it\/it\/#breadcrumb","itemListElement":[{"@type":"ListItem","position":1,"name":"Home","item":"https:\/\/www.astravernici.it\/it\/"},{"@type":"ListItem","position":2,"name":"Italian Performance Wood Coatings : Astravernici"}]}]}},"_links":{"self":[{"href":"https:\/\/www.astravernici.it\/it\/wp-json\/wp\/v2\/pages\/312"}],"collection":[{"href":"https:\/\/www.astravernici.it\/it\/wp-json\/wp\/v2\/pages"}],"about":[{"href":"https:\/\/www.astravernici.it\/it\/wp-json\/wp\/v2\/types\/page"}],"author":[{"embeddable":true,"href":"https:\/\/www.astravernici.it\/it\/wp-json\/wp\/v2\/users\/1"}],"replies":[{"embeddable":true,"href":"https:\/\/www.astravernici.it\/it\/wp-json\/wp\/v2\/comments?post=312"}],"version-history":[{"count":101,"href":"https:\/\/www.astravernici.it\/it\/wp-json\/wp\/v2\/pages\/312\/revisions"}],"predecessor-version":[{"id":35006,"href":"https:\/\/www.astravernici.it\/it\/wp-json\/wp\/v2\/pages\/312\/revisions\/35006"}],"wp:attachment":[{"href":"https:\/\/www.astravernici.it\/it\/wp-json\/wp\/v2\/media?parent=312"}],"curies":[{"name":"wp","href":"https:\/\/api.w.org\/{rel}","templated":true}]}}