{"id":3,"date":"2019-08-03T12:19:13","date_gmt":"2019-08-03T10:19:13","guid":{"rendered":"https:\/\/www.astravernici.it\/?page_id=3"},"modified":"2021-02-02T12:12:57","modified_gmt":"2021-02-02T11:12:57","slug":"privacy-policy","status":"publish","type":"page","link":"https:\/\/www.astravernici.it\/it\/privacy-policy\/","title":{"rendered":"Privacy Policy"},"content":{"rendered":"<p>[vc_row css=&#8221;.vc_custom_1612264374677{padding-top: 60px !important;padding-bottom: 60px !important;}&#8221;][vc_column][vc_column_text]<\/p>\n<h3>Informativa sulla privacy<\/h3>\n<h5>Norme sulla privacy ai sensi del Regolamento (UE) 2016\/679 &#8220;G.D.P.R&#8221;<\/h5>\n<p>ASTRA VERNICI S.r.l. rispetta la privacy degli utenti (clienti, fornitori, professionisti, consulenti, enti, terzi, dipendenti, ecc.) e si impegna a proteggere i suoi dati personali sulla base del\u00a0<b>Regolamento (UE) 2016\/679 del Parlamento Europeo e del Consiglio del 27 aprile 2016<\/b>\u00a0\u201crelativo alla protezione delle persone fisiche con riguardo al trattamento dei dati personali, nonch\u00e9 alla libera circolazione di tali dati e che abroga la direttiva 95\/46\/CE (Regolamento generale sulla protezione dei dati), in vigore dal 24 maggio 2016, e applicabile a partire dal 25 maggio 2018.<br \/>\nI suoi dati personali sono registrati nella banca dati e del Sistema di ASTRA VERNICI S.r.l., in relazione all\u2019attivit\u00e0 da noi svolta.<br \/>\nSecondo la predetta normativa, non \u00e8 necessario che Lei esprima il consenso affinch\u00e9 i suoi dati continuino ad essere registrati nel nostro database, alla luce del legittimo interesse sotteso al trattamento stesso.<\/p>\n<p>ASTRA VERNICI S.r.l. garantisce ad ogni interessato l\u2019esercizio dei propri diritti:<br \/>\n\u2022 di accesso ai dati personali;<br \/>\n\u2022 di ottenere la rettifica o la cancellazione degli stessi o la limitazione del trattamento che lo riguardano;<br \/>\n\u2022 di opporsi al trattamento;<br \/>\n\u2022 alla portabilit\u00e0 dei dati;<br \/>\n\u2022 di revocare il consenso, ove previsto la revoca del consenso non pregiudica la liceit\u00e0 del trattamento basata sul consenso conferito prima della revoca;<br \/>\n\u2022 proporre reclamo all&#8217;autorit\u00e0 di controllo (Garante Privacy).<\/p>\n<p>L\u2019esercizio dei diritti potr\u00e0 avvenire attraverso l\u2019invio di una richiesta all\u2019indirizzo email: privacy@astravernici.it come meglio specificato nell\u2019ultimo capitolo<\/p>\n<p><b>1. Premessa<\/b><br \/>\nLe presenti norme sulla privacy descrivono l&#8217;utilizzo dei dati personali dell&#8217;utente da parte di ASTRA VERNICI S.R.L. in occasione dell&#8217;interazione con ASTRA VERNICI S.R.L. per i nostri rapporti o semplicemente per la consultazione del nostro sito internet aziendale.<br \/>\nEsse servono inoltre per far conoscere all&#8217;utente i diritti legati alla privacy e la relativa protezione offerta dall&#8217;ordinamento giuridico.<br \/>\nPreghiamo l&#8217;utente di leggere attentamente le presenti norme sulla privacy in modo da essere informato sull&#8217;utilizzo dei suoi dati personali da parte nostra.<br \/>\nPer qualsiasi domanda o per esercitare un diritto legato alla privacy si prega di seguire le istruzioni indicate nelle presenti norme sulla privacy.<br \/>\nNelle presenti norme sulla privacy ci riferiamo a &#8220;ASTRA VERNICI S.R.L.&#8221;, &#8220;noi&#8221; o &#8220;ci&#8221; per indicare il ASTRA VERNICI S.R.L. responsabile del trattamento dei dati dell&#8217;utente.<\/p>\n<p><b>2. Titolare del trattamento<\/b><br \/>\nIl titolare del trattamento dei dati effettuato da o per conto di ASTRA VERNICI S.R.L. \u00e8 ASTRA VERNICI S.R.L. con sede in Via Dell\u2019Industria, 4 \u2013 24052 Azzano San Paolo (Bergamo) &#8211; Italia, nella persona dell\u2019amministratore unico sig. Gianfranco Oberti.<br \/>\nSono stati altres\u00ec nominati Responsabili del Trattamento.<br \/>\nL\u2019elenco completo ed aggiornato dei Responsabili del trattamento \u00e8 richiedibile formulando espressa richiesta all\u2019indirizzo di posta elettronica: privacy@astravernici.it.<\/p>\n<p><b>3. Sito istituzionale<\/b><br \/>\nIl sito www.astravernici.it si occupa della presentazione della nostra azienda e dei nostri prodotti.<br \/>\nLa fruizione del sito \u00e8 destinata a tutti e non raccogliamo scientemente i dati che li riguardano.<br \/>\nASTRA VERNICI S.R.L. \u00e8 il titolare del trattamento dei dati per questo sito nonch\u00e9 del trattamento di qualsiasi dato personale effettuato da o per conto di ASTRA VERNICI S.R.L.<\/p>\n<p><b>4. Dati personali che possiamo raccogliere<\/b><br \/>\nI dati personali, o informazioni personali, sono informazioni relative a un qualsiasi soggetto dalle quali si possa desumere la sua identit\u00e0. Sono quindi esclusi i dati da cui sia stata rimossa l&#8217;identit\u00e0 dell&#8217;utente (dati anonimi). Raccogliamo una serie di informazioni relative ai nostri clienti\/fornitori. Detti dati personali sono riconducibili alle categorie di seguito esposte.<br \/>\n\u2022 Dati di contatto: anagrafica aziendale, indirizzo postale, recapiti telefonici, indirizzi di posta elettronica, indirizzi di fatturazione.<br \/>\n\u2022 Codici o chiavi di identificazione dell\u2019Utente.<br \/>\n\u2022 Dati relativi a caratteristiche personali: data di nascita, codice fiscale, genere, nazionalit\u00e0.<br \/>\n\u2022 Dati identificativi: nome, cognome e qualora l&#8217;utente comunichi con noi tramite i social media, questa categoria di dati include anche il nome utente impiegato su detto social media<br \/>\n\u2022 Dati sulle operazioni: comprendono le informazioni relative ai pagamenti da parte dell&#8217;utente e in suo favore nonch\u00e9 ulteriori informazioni relative a prodotti e servizi acquistati da noi.<br \/>\nNon raccogliamo Dati sensibili relativi all&#8217;utente (essi comprendono i dati che rivelino l&#8217;origine razziale o etnica, le convinzioni religiose o filosofiche, la vita sessuale, l&#8217;orientamento sessuale, le opinioni politiche, le informazioni relative allo stato di salute nonch\u00e9 i dati genetici e biometrici). Inoltre, non raccogliamo i dati giudiziari relativi all&#8217;utente.<\/p>\n<p><b>5. Come avviene la raccolta dei dati personali?<\/b><br \/>\nNormalmente, ci avvaliamo della\u00a0<b>interazione diretta:<\/b>\u00a0l&#8217;utente decide di comunicarci i Dati identificativi, di contatto e finanziari con la compilazione di un modulo o comunicando detti dati via posta, telefono, e-mail o tramite chat o social media.<br \/>\nSono inclusi i dati personali comunicati dall&#8217;utente quando questi:<br \/>\n\u2022 Richieda una offerta per un nostro prodotto;<br \/>\n\u2022 Inoltra richieste o sollecita la ricezione di informazioni;<br \/>\n\u2022 Richiede un appuntamento\/incontro\/visita di un incaricato;<br \/>\n\u2022 Invia il suo curriculum vitae dal nostro sito; \u2022 Ci contatta sui social media;<br \/>\n\u2022 Si iscrive alla Nostra Newsletter;<\/p>\n<p><b>6. Come usiamo i dati personali dell&#8217;utente<\/b><br \/>\nUsiamo i dati personali entro i limiti previsti dalla legge. In generale usiamo i dati personali nelle circostanze di seguito indicate:<br \/>\n\u2022 Per eseguire un contratto in via di conclusione o gi\u00e0 concluso con l&#8217;utente. Ad esempio, emettere un documento di trasporto o una fattura per la vendita di prodotti o per un servizio prestato all\u2019utente.<br \/>\n\u2022 Qualora sia necessario per perseguire i nostri interessi legittimi (o quelli di soggetti terzi) sempre che gli interessi e i diritti fondamentali dell&#8217;utente non prevalgano su di essi.<br \/>\n\u2022 Qualora dovessimo ottemperare a obblighi imposti da leggi o regolamenti.<br \/>\nIn generale, il fondamento giuridico sul quale basiamo il trattamento dei dati personali dell&#8217;utente non include il consenso dello stesso salvo qualora espressamente previsto dalla legge, ad esempio per l&#8217;invio di talune comunicazioni di marketing diretto. Nei casi in cui il fondamento giuridico si basi sul consenso, l&#8217;utente ha il diritto di revocare il consenso in qualsiasi momento.<br \/>\nPer ulteriori informazioni si prega di confrontare i fondamenti giuridici su cui ci basiamo per il trattamento dei dati personali con la base giuridica sulla quale fondiamo il trattamento dei dati personali.<\/p>\n<p><b>7. I fondamenti giuridici su cui ci basiamo per il trattamento dei dati personali<\/b><br \/>\nL&#8217;utente \u00e8 consapevole del fatto che potremmo trattare i suoi dati personali basandoci su diversi fondamenti giuridici a seconda della finalit\u00e0 specifica di utilizzo dei dati. Il nostro processo decisionale non \u00e8 automatizzato.<br \/>\nInvitiamo l&#8217;utente a rivolgerci qualsiasi domanda in merito attraverso le modalit\u00e0 indicate nella sezione 16<\/p>\n<p><b>8. Pubblicit\u00e0, marketing e preferenze dell&#8217;utente nelle comunicazioni<\/b><br \/>\nIn caso di consenso specifico potremmo utilizzare strategie di marketing diretto tramite e-mail, telefono, SMS o posta. Ad esempio, l&#8217;utente potrebbe ricevere la nostra newsletter tramite la sua casella e-mail. Ci impegniamo al massimo affinch\u00e9 il nostro sito comunichi sempre chiaramente le nostre attivit\u00e0 e la tipologia di messaggi recapitati all&#8217;utente, sia quando \u00e8 l&#8217;utente stesso a decidere di ricevere la nostra newsletter sia in occasione della compilazione del form contatti.<br \/>\nL&#8217;utente pu\u00f2 cambiare idea in ogni momento e decidere di annullare l&#8217;iscrizione.<\/p>\n<p><b>9. Cookie<\/b><br \/>\nFacendo uso del sito, si acconsente all&#8217;utilizzo di cookie in conformit\u00e0 con la presente policy. Se non si acconsente all&#8217;utilizzo di cookie in questo modo, occorre impostare il proprio browser in modo appropriato oppure non utilizzare il sito. Se si decide di disabilitare i cookie ci\u00f2 potrebbe influenzare l&#8217;esperienza di navigazione sul sito.<\/p>\n<p><b>10. Divulgazione dei dati personali<\/b><br \/>\nI dati personali dell&#8217;utente non saranno condivisi con soggetti terzi, se non con revisori esterni e consulenti professionisti quali consulenti bancari, legali, contabili e assicurativi ed enti amministrativi, normativi ed enti che si occupano dell&#8217;applicazione della legge.<br \/>\nInoltre, se l\u2019attivit\u00e0 per la quale si \u00e8 fatta richiesta richiedere l\u2019intervento di un ispettore o collaboratore esterno i dati potrebbe essere condivisi con questi ultimi. Richiediamo a tutti i soggetti terzi di rispettare la sicurezza dei dati personali dell&#8217;utente e di gestirli ai sensi della normativa vigente. Non concediamo ai fornitori di servizi terzi di usare i dati personali dell&#8217;utente per le loro specifiche finalit\u00e0, bens\u00ec concediamo loro esclusivamente di trattare i dati personali dell&#8217;utente per gli scopi specificati e conformemente alle nostre istruzioni.<\/p>\n<p><b>11. Sicurezza dei dati<\/b><br \/>\nAbbiamo istituito delle misure di sicurezza adatte a prevenire la perdita accidentale dei dati personali dell&#8217;utente, nonch\u00e9 il loro uso o accesso da parte di soggetti non autorizzati, alla loro alterazione o diffusione. Inoltre, l&#8217;accesso ai dati personali dell&#8217;utente \u00e8 limitato a collaboratori e altri soggetti terzi che, per ragioni legate allo svolgimento della loro attivit\u00e0 commerciale, debbano necessariamente conoscere. I dati personali dell&#8217;utente saranno trattati esclusivamente dietro nostre istruzioni e questi soggetti sono tenuti all&#8217;obbligo di riservatezza.<br \/>\nAbbiamo istituito delle procedure per la gestione delle eventuali violazioni dei dati personali e ci preoccuperemo di comunicare tali violazioni all&#8217;utente e a qualsivoglia autorit\u00e0 di controllo qualora ci\u00f2 sia richiesto dalla legge.<\/p>\n<p><b>12. Link di parti terze<\/b><br \/>\nIn nostro sito potrebbe includere link a siti terzi, nonch\u00e9 plug-in e applicazioni di soggetti terzi (ad esempio Facebook, Instagram, LinkedIn). Facendo click su detti link o collegandosi ad essi si accetta che i soggetti terzi raccolgano o condividano dei dati dell&#8217;utente. I siti di parti terze non sono da noi controllati e ASTRA VERNICI S.R.L. non \u00e8 responsabile delle rispettive informative sulla privacy. Abbandonando il nostro sito, l&#8217;utente \u00e8 tenuto a leggere le norme sulla privacy di ogni altro sito consultato.<\/p>\n<p><b>13. Conservazione dei dati<\/b><br \/>\nConserveremo i dati personali dell&#8217;utente esclusivamente per il tempo necessario ad adempiere alle finalit\u00e0 per cui i dati sono stati raccolti, ivi incluse le finalit\u00e0 legate alla soddisfazione di qualsiasi obbligo legale, contabile o di rendicontazione.<br \/>\nPer determinare il corretto periodo di conservazione dei dati personali, consideriamo la quantit\u00e0, la natura e il grado di sensibilit\u00e0 dei dati personali, il potenziale rischio legato a eventuali danni per uso non autorizzato o per la diffusione dei dati personali dell&#8217;utente, le finalit\u00e0 per cui avviene il trattamento e l&#8217;eventuale esistenza di alternative, insieme agli obblighi di legge applicabili.<br \/>\nIn talune circostanze, l&#8217;utente pu\u00f2 chiederci di cancellare i dati che lo riguardano; per maggiori informazioni, consultare la sezione \u201cI diritti garantiti dalla legge\u201d qui di seguito.<\/p>\n<p><b>14. I diritti garantiti dalla legge<\/b><br \/>\nViene applicato per l\u2019utente il Regolamento europeo in materia di protezione dei dati personali, questi \u00e8 titolare dei diritti di seguito garantiti dalla normativa di protezione della privacy in riferimento ai suoi dati personali.<br \/>\n\u2022 Diritto di informazione \u2013 abbiamo l&#8217;obbligo di informare l&#8217;utente sull&#8217;utilizzo dei suoi dati personali da parte nostra (obbligo che adempiamo con le presenti norme sulla privacy);<br \/>\n\u2022 Diritto di accesso \u2013 diritto di inoltrare una &#8220;richiesta di accesso ai dati da parte dell&#8217;Interessato&#8221; per ottenere una copia dei dati personali del soggetto interessato archiviati da ASTRA VERNICI S.R.L.;<br \/>\n\u2022 Diritto di rettifica \u2013 diritto di esigere la correzione dei dati personali qualora fossero incompleti o scorretti;<br \/>\n\u2022 Diritto di cancellazione \u2013 noto anche come &#8220;diritto all&#8217;oblio&#8221; quando, in talune circostanze, l&#8217;utente pu\u00f2 richiedere di cancellare i dati personali che lo riguardano (sempre che non sussista una norma che preveda il loro mantenimento e che prevalga sulla richiesta);<br \/>\n\u2022 Diritto di limitazione del trattamento \u2013 diritto di richiedere, in talune circostante, la sospensione del trattamento dei dati personali;<br \/>\n\u2022 Diritto alla portabilit\u00e0 \u2013 diritto di richiedere una copia dei dati personali dell&#8217;utente in un formato di uso comune (ad esempio, un file .csv);<br \/>\n\u2022 Diritto di opposizione \u2013 diritto di opporsi al trattamento dei dati personali dell&#8217;utente (ad esempio, se l&#8217;utente non ammetta il trattamento dei dati per finalit\u00e0 di marketing diretto);<br \/>\nQuesti diritti sono soggetti a determinate regole che ne determinano l&#8217;esercizio. Per maggiori informazioni, \u00e8 possibile consultare la Guida all&#8217;applicazione del Regolamento europeo in materia di protezione dei dati personali.<br \/>\nNon sono previsti costi per l&#8217;accesso ai dati personali dell&#8217;utente (o per l&#8217;esercizio dei diritti summenzionati). Ciononostante, ci riserviamo il diritto di applicare dei costi considerevoli qualora la richiesta sia evidentemente infondata, ripetitiva o eccessiva. In alternativa, e in queste circostanze, potremmo rifiutarci di assecondare la richiesta dell&#8217;utente.<br \/>\nPotremmo richiedere delle informazioni specifiche dall&#8217;utente per aiutarci a confermare la sua identit\u00e0 e garantire un corretto accesso ai suoi dati personali (o per esercitare uno qualsiasi dei suoi diritti). Questa misura di sicurezza \u00e8 necessaria per garantire che i dati personali non siano comunicati a qualsiasi soggetto terzo che non abbia il diritto di riceverli. Potremmo inoltre contattare l&#8217;utente stesso per chiedere ulteriori informazioni in relazione alla sua richiesta in modo da velocizzare la procedura.<br \/>\nFacciamo del nostro meglio per rispondere a tutte le richieste legittime entro 2 settimane lavorative. A volte potrebbe occorrere maggior tempo qualora la richiesta sia particolarmente complessa oppure l&#8217;utente abbia inoltrato numerose richieste.<br \/>\nIn questi casi, sar\u00e0 nostra premura comunicare le tempistiche all&#8217;utente e tenerlo aggiornato.<br \/>\nQualora l&#8217;utente abbia ulteriori domande relative alle presenti norme sulla privacy, oppure intenda inoltrare una richiesta per esercitare uno dei diritti garantiti dalla legge, pu\u00f2 contattare il Gruppo di lavoro RDP tramite le informazioni di contatto alla sezione 15 \u201cCome contattare ASTRA VERNICI S.R.L.\u201d per domande sulla privacy.<\/p>\n<p><b>15. Come contattare ASTRA VERNICI S.R.L. per domande e per esercitare i diritti sulla privacy<\/b><br \/>\nPer qualsiasi domanda legata alle presenti norme sulla privacy, o qualora si intenda esercitare uno qualsiasi dei diritti dell&#8217;utente, \u00e8 possibile contattarci nel seguente modo:<br \/>\nE-mail:\u00a0<a href=\"https:\/\/www.astravernici.it\/it\/privacy\/#\">privacy@astravernici.it<\/a><br \/>\nPec: astravernici@legalmail.it\/a&gt;<br \/>\noppure una richiesta scritta all&#8217;indirizzo:<br \/>\n<b>ASTRA VERNICI S.R.L.<\/b><br \/>\nDivisione Privacy<br \/>\nVia Dell\u2019Industria, 4<br \/>\n24052 Azzano San Paolo (BG)[\/vc_column_text][\/vc_column][\/vc_row]<\/p>\n","protected":false},"excerpt":{"rendered":"<p>[vc_row css=&#8221;.vc_custom_1612264374677{padding-top: 60px !important;padding-bottom: 60px !important;}&#8221;][vc_column][vc_column_text] Informativa sulla privacy Norme sulla privacy ai sensi del Regolamento (UE) 2016\/679 &#8220;G.D.P.R&#8221; ASTRA&#8230;<\/p>\n","protected":false},"author":1,"featured_media":0,"parent":0,"menu_order":0,"comment_status":"closed","ping_status":"open","template":"","meta":{"_mi_skip_tracking":false,"_monsterinsights_sitenote_active":false,"_monsterinsights_sitenote_note":"","_monsterinsights_sitenote_category":0},"yoast_head":"<!-- This site is optimized with the Yoast SEO Premium plugin v16.0.3 (Yoast SEO v17.6) - https:\/\/yoast.com\/wordpress\/plugins\/seo\/ -->\n<title>Privacy Policy | Astra Vernici<\/title>\n<meta name=\"robots\" content=\"index, follow, max-snippet:-1, max-image-preview:large, max-video-preview:-1\" \/>\n<link rel=\"canonical\" href=\"https:\/\/www.astravernici.it\/it\/privacy-policy\/\" \/>\n<meta property=\"og:locale\" content=\"it_IT\" \/>\n<meta property=\"og:type\" content=\"article\" \/>\n<meta property=\"og:title\" content=\"Privacy Policy | Astra Vernici\" \/>\n<meta property=\"og:description\" content=\"[vc_row css=&#8221;.vc_custom_1612264374677{padding-top: 60px !important;padding-bottom: 60px !important;}&#8221;][vc_column][vc_column_text] Informativa sulla privacy Norme sulla privacy ai sensi del Regolamento (UE) 2016\/679 &#8220;G.D.P.R&#8221; ASTRA...\" \/>\n<meta property=\"og:url\" content=\"https:\/\/www.astravernici.it\/it\/privacy-policy\/\" \/>\n<meta property=\"og:site_name\" content=\"Astra Vernici\" \/>\n<meta property=\"article:modified_time\" content=\"2021-02-02T11:12:57+00:00\" \/>\n<meta name=\"twitter:card\" content=\"summary_large_image\" \/>\n<meta name=\"twitter:label1\" content=\"Tempo di lettura stimato\" \/>\n\t<meta name=\"twitter:data1\" content=\"11 minuti\" \/>\n<script type=\"application\/ld+json\" class=\"yoast-schema-graph\">{\"@context\":\"https:\/\/schema.org\",\"@graph\":[{\"@type\":\"Organization\",\"@id\":\"https:\/\/www.astravernici.it\/it\/#organization\",\"name\":\"Astra Vernici\",\"url\":\"https:\/\/www.astravernici.it\/it\/\",\"sameAs\":[],\"logo\":{\"@type\":\"ImageObject\",\"@id\":\"https:\/\/www.astravernici.it\/it\/#logo\",\"inLanguage\":\"it-IT\",\"url\":\"https:\/\/www.astravernici.it\/wp-content\/uploads\/2025\/10\/Logo-_Astra_750x492.svg\",\"contentUrl\":\"https:\/\/www.astravernici.it\/wp-content\/uploads\/2025\/10\/Logo-_Astra_750x492.svg\",\"caption\":\"Astra Vernici\"},\"image\":{\"@id\":\"https:\/\/www.astravernici.it\/it\/#logo\"}},{\"@type\":\"WebSite\",\"@id\":\"https:\/\/www.astravernici.it\/it\/#website\",\"url\":\"https:\/\/www.astravernici.it\/it\/\",\"name\":\"Astra Vernici\",\"description\":\"Your Coating Partner\",\"publisher\":{\"@id\":\"https:\/\/www.astravernici.it\/it\/#organization\"},\"potentialAction\":[{\"@type\":\"SearchAction\",\"target\":{\"@type\":\"EntryPoint\",\"urlTemplate\":\"https:\/\/www.astravernici.it\/it\/?s={search_term_string}\"},\"query-input\":\"required name=search_term_string\"}],\"inLanguage\":\"it-IT\"},{\"@type\":\"WebPage\",\"@id\":\"https:\/\/www.astravernici.it\/it\/privacy-policy\/#webpage\",\"url\":\"https:\/\/www.astravernici.it\/it\/privacy-policy\/\",\"name\":\"Privacy Policy | Astra Vernici\",\"isPartOf\":{\"@id\":\"https:\/\/www.astravernici.it\/it\/#website\"},\"datePublished\":\"2019-08-03T10:19:13+00:00\",\"dateModified\":\"2021-02-02T11:12:57+00:00\",\"breadcrumb\":{\"@id\":\"https:\/\/www.astravernici.it\/it\/privacy-policy\/#breadcrumb\"},\"inLanguage\":\"it-IT\",\"potentialAction\":[{\"@type\":\"ReadAction\",\"target\":[\"https:\/\/www.astravernici.it\/it\/privacy-policy\/\"]}]},{\"@type\":\"BreadcrumbList\",\"@id\":\"https:\/\/www.astravernici.it\/it\/privacy-policy\/#breadcrumb\",\"itemListElement\":[{\"@type\":\"ListItem\",\"position\":1,\"name\":\"Home\",\"item\":\"https:\/\/www.astravernici.it\/it\/\"},{\"@type\":\"ListItem\",\"position\":2,\"name\":\"Privacy Policy\"}]}]}<\/script>\n<!-- \/ Yoast SEO Premium plugin. -->","yoast_head_json":{"title":"Privacy Policy | Astra Vernici","robots":{"index":"index","follow":"follow","max-snippet":"max-snippet:-1","max-image-preview":"max-image-preview:large","max-video-preview":"max-video-preview:-1"},"canonical":"https:\/\/www.astravernici.it\/it\/privacy-policy\/","og_locale":"it_IT","og_type":"article","og_title":"Privacy Policy | Astra Vernici","og_description":"[vc_row css=&#8221;.vc_custom_1612264374677{padding-top: 60px !important;padding-bottom: 60px !important;}&#8221;][vc_column][vc_column_text] Informativa sulla privacy Norme sulla privacy ai sensi del Regolamento (UE) 2016\/679 &#8220;G.D.P.R&#8221; ASTRA...","og_url":"https:\/\/www.astravernici.it\/it\/privacy-policy\/","og_site_name":"Astra Vernici","article_modified_time":"2021-02-02T11:12:57+00:00","twitter_card":"summary_large_image","twitter_misc":{"Tempo di lettura stimato":"11 minuti"},"schema":{"@context":"https:\/\/schema.org","@graph":[{"@type":"Organization","@id":"https:\/\/www.astravernici.it\/it\/#organization","name":"Astra Vernici","url":"https:\/\/www.astravernici.it\/it\/","sameAs":[],"logo":{"@type":"ImageObject","@id":"https:\/\/www.astravernici.it\/it\/#logo","inLanguage":"it-IT","url":"https:\/\/www.astravernici.it\/wp-content\/uploads\/2025\/10\/Logo-_Astra_750x492.svg","contentUrl":"https:\/\/www.astravernici.it\/wp-content\/uploads\/2025\/10\/Logo-_Astra_750x492.svg","caption":"Astra Vernici"},"image":{"@id":"https:\/\/www.astravernici.it\/it\/#logo"}},{"@type":"WebSite","@id":"https:\/\/www.astravernici.it\/it\/#website","url":"https:\/\/www.astravernici.it\/it\/","name":"Astra Vernici","description":"Your Coating Partner","publisher":{"@id":"https:\/\/www.astravernici.it\/it\/#organization"},"potentialAction":[{"@type":"SearchAction","target":{"@type":"EntryPoint","urlTemplate":"https:\/\/www.astravernici.it\/it\/?s={search_term_string}"},"query-input":"required name=search_term_string"}],"inLanguage":"it-IT"},{"@type":"WebPage","@id":"https:\/\/www.astravernici.it\/it\/privacy-policy\/#webpage","url":"https:\/\/www.astravernici.it\/it\/privacy-policy\/","name":"Privacy Policy | Astra Vernici","isPartOf":{"@id":"https:\/\/www.astravernici.it\/it\/#website"},"datePublished":"2019-08-03T10:19:13+00:00","dateModified":"2021-02-02T11:12:57+00:00","breadcrumb":{"@id":"https:\/\/www.astravernici.it\/it\/privacy-policy\/#breadcrumb"},"inLanguage":"it-IT","potentialAction":[{"@type":"ReadAction","target":["https:\/\/www.astravernici.it\/it\/privacy-policy\/"]}]},{"@type":"BreadcrumbList","@id":"https:\/\/www.astravernici.it\/it\/privacy-policy\/#breadcrumb","itemListElement":[{"@type":"ListItem","position":1,"name":"Home","item":"https:\/\/www.astravernici.it\/it\/"},{"@type":"ListItem","position":2,"name":"Privacy Policy"}]}]}},"_links":{"self":[{"href":"https:\/\/www.astravernici.it\/it\/wp-json\/wp\/v2\/pages\/3"}],"collection":[{"href":"https:\/\/www.astravernici.it\/it\/wp-json\/wp\/v2\/pages"}],"about":[{"href":"https:\/\/www.astravernici.it\/it\/wp-json\/wp\/v2\/types\/page"}],"author":[{"embeddable":true,"href":"https:\/\/www.astravernici.it\/it\/wp-json\/wp\/v2\/users\/1"}],"replies":[{"embeddable":true,"href":"https:\/\/www.astravernici.it\/it\/wp-json\/wp\/v2\/comments?post=3"}],"version-history":[{"count":0,"href":"https:\/\/www.astravernici.it\/it\/wp-json\/wp\/v2\/pages\/3\/revisions"}],"wp:attachment":[{"href":"https:\/\/www.astravernici.it\/it\/wp-json\/wp\/v2\/media?parent=3"}],"curies":[{"name":"wp","href":"https:\/\/api.w.org\/{rel}","templated":true}]}}